{"id":2148,"date":"2022-03-31T13:12:34","date_gmt":"2022-03-31T17:12:34","guid":{"rendered":"https:\/\/sdb.bo\/sdb\/?page_id=2148"},"modified":"2022-04-05T14:19:10","modified_gmt":"2022-04-05T18:19:10","slug":"enlaces-de-interes","status":"publish","type":"page","link":"https:\/\/sdb.bo\/sdb\/enlaces-de-interes\/","title":{"rendered":"Enlaces de Inter\u00e9s"},"content":{"rendered":"\t\t<div data-elementor-type=\"wp-page\" data-elementor-id=\"2148\" class=\"elementor elementor-2148\" data-elementor-post-type=\"page\">\n\t\t\t\t\t\t<section class=\"elementor-section elementor-top-section elementor-element elementor-element-786a5796 elementor-section-full_width elementor-section-height-min-height elementor-section-height-default elementor-section-items-middle\" data-id=\"786a5796\" data-element_type=\"section\" data-settings=\"{&quot;background_background&quot;:&quot;classic&quot;}\">\n\t\t\t\t\t\t\t<div class=\"elementor-background-overlay\"><\/div>\n\t\t\t\t\t\t\t<div class=\"elementor-container elementor-column-gap-no\">\n\t\t\t\t\t<div class=\"elementor-column elementor-col-50 elementor-top-column elementor-element elementor-element-3cdd778b\" data-id=\"3cdd778b\" data-element_type=\"column\" data-settings=\"{&quot;background_background&quot;:&quot;classic&quot;}\">\n\t\t\t<div class=\"elementor-widget-wrap elementor-element-populated\">\n\t\t\t\t\t\t<section class=\"elementor-section elementor-inner-section elementor-element elementor-element-1c36d96e elementor-section-height-min-height elementor-section-boxed elementor-section-height-default\" data-id=\"1c36d96e\" data-element_type=\"section\" data-settings=\"{&quot;background_background&quot;:&quot;classic&quot;}\">\n\t\t\t\t\t\t<div class=\"elementor-container elementor-column-gap-default\">\n\t\t\t\t\t<div class=\"elementor-column elementor-col-100 elementor-inner-column elementor-element elementor-element-72f7d82c\" data-id=\"72f7d82c\" data-element_type=\"column\">\n\t\t\t<div class=\"elementor-widget-wrap elementor-element-populated\">\n\t\t\t\t\t\t<div class=\"elementor-element elementor-element-474c893f elementor-widget elementor-widget-heading\" data-id=\"474c893f\" data-element_type=\"widget\" data-widget_type=\"heading.default\">\n\t\t\t\t<div class=\"elementor-widget-container\">\n\t\t\t\t\t<h2 class=\"elementor-heading-title elementor-size-default\">Enlaces de Inter\u00e9s<\/h2>\t\t\t\t<\/div>\n\t\t\t\t<\/div>\n\t\t\t\t\t<\/div>\n\t\t<\/div>\n\t\t\t\t\t<\/div>\n\t\t<\/section>\n\t\t\t\t\t<\/div>\n\t\t<\/div>\n\t\t\t\t<div class=\"elementor-column elementor-col-50 elementor-top-column elementor-element elementor-element-3cda8ea3\" data-id=\"3cda8ea3\" data-element_type=\"column\">\n\t\t\t<div class=\"elementor-widget-wrap elementor-element-populated\">\n\t\t\t\t\t\t<div class=\"elementor-element elementor-element-1502bbf elementor-widget elementor-widget-image\" data-id=\"1502bbf\" data-element_type=\"widget\" data-widget_type=\"image.default\">\n\t\t\t\t<div class=\"elementor-widget-container\">\n\t\t\t\t\t\t\t\t\t\t\t\t\t\t\t<img fetchpriority=\"high\" decoding=\"async\" width=\"2493\" height=\"734\" src=\"https:\/\/sdb.bo\/sdb\/wp-content\/uploads\/2022\/02\/Negativo-Horizontal.png\" class=\"attachment-full size-full wp-image-1464\" alt=\"\" srcset=\"https:\/\/sdb.bo\/sdb\/wp-content\/uploads\/2022\/02\/Negativo-Horizontal.png 2493w, https:\/\/sdb.bo\/sdb\/wp-content\/uploads\/2022\/02\/Negativo-Horizontal-300x88.png 300w, https:\/\/sdb.bo\/sdb\/wp-content\/uploads\/2022\/02\/Negativo-Horizontal-1024x301.png 1024w, https:\/\/sdb.bo\/sdb\/wp-content\/uploads\/2022\/02\/Negativo-Horizontal-768x226.png 768w, https:\/\/sdb.bo\/sdb\/wp-content\/uploads\/2022\/02\/Negativo-Horizontal-1536x452.png 1536w, https:\/\/sdb.bo\/sdb\/wp-content\/uploads\/2022\/02\/Negativo-Horizontal-2048x603.png 2048w\" sizes=\"(max-width: 2493px) 100vw, 2493px\" \/>\t\t\t\t\t\t\t\t\t\t\t\t\t\t\t<\/div>\n\t\t\t\t<\/div>\n\t\t\t\t\t<\/div>\n\t\t<\/div>\n\t\t\t\t\t<\/div>\n\t\t<\/section>\n\t\t\t\t<section class=\"elementor-section elementor-top-section elementor-element elementor-element-623c227d elementor-section-boxed elementor-section-height-default elementor-section-height-default\" data-id=\"623c227d\" data-element_type=\"section\">\n\t\t\t\t\t\t<div class=\"elementor-container elementor-column-gap-default\">\n\t\t\t\t\t<div class=\"elementor-column elementor-col-66 elementor-top-column elementor-element elementor-element-73a80eb6\" data-id=\"73a80eb6\" data-element_type=\"column\">\n\t\t\t<div class=\"elementor-widget-wrap elementor-element-populated\">\n\t\t\t\t\t\t<div class=\"elementor-element elementor-element-45264e8c elementor-widget-divider--view-line_text elementor-widget-divider--element-align-right elementor-widget elementor-widget-divider\" data-id=\"45264e8c\" data-element_type=\"widget\" data-widget_type=\"divider.default\">\n\t\t\t\t<div class=\"elementor-widget-container\">\n\t\t\t\t\t\t\t<div class=\"elementor-divider\">\n\t\t\t<span class=\"elementor-divider-separator\">\n\t\t\t\t\t\t\t<span class=\"elementor-divider__text elementor-divider__element\">\n\t\t\t\tEn la parte superior\t\t\t\t<\/span>\n\t\t\t\t\t\t<\/span>\n\t\t<\/div>\n\t\t\t\t\t\t<\/div>\n\t\t\t\t<\/div>\n\t\t\t\t<div class=\"elementor-element elementor-element-607e85e1 elementor-widget elementor-widget-heading\" data-id=\"607e85e1\" data-element_type=\"widget\" data-widget_type=\"heading.default\">\n\t\t\t\t<div class=\"elementor-widget-container\">\n\t\t\t\t\t<h2 class=\"elementor-heading-title elementor-size-default\">Publicaciones Recientes <\/h2>\t\t\t\t<\/div>\n\t\t\t\t<\/div>\n\t\t\t\t<div class=\"elementor-element elementor-element-5d2cbcd3 elementor-grid-1 elementor-posts--thumbnail-left elementor-posts--align-left elementor-grid-tablet-1 elementor-grid-mobile-1 elementor-widget elementor-widget-posts\" data-id=\"5d2cbcd3\" data-element_type=\"widget\" data-settings=\"{&quot;classic_columns&quot;:&quot;1&quot;,&quot;classic_row_gap&quot;:{&quot;unit&quot;:&quot;px&quot;,&quot;size&quot;:&quot;50&quot;,&quot;sizes&quot;:[]},&quot;classic_columns_tablet&quot;:&quot;1&quot;,&quot;classic_columns_mobile&quot;:&quot;1&quot;,&quot;classic_row_gap_tablet&quot;:{&quot;unit&quot;:&quot;px&quot;,&quot;size&quot;:&quot;&quot;,&quot;sizes&quot;:[]},&quot;classic_row_gap_mobile&quot;:{&quot;unit&quot;:&quot;px&quot;,&quot;size&quot;:&quot;&quot;,&quot;sizes&quot;:[]}}\" data-widget_type=\"posts.classic\">\n\t\t\t\t<div class=\"elementor-widget-container\">\n\t\t\t\t\t\t\t<div class=\"elementor-posts-container elementor-posts elementor-posts--skin-classic elementor-grid\">\n\t\t\t\t<article class=\"elementor-post elementor-grid-item post-45445 post type-post status-publish format-standard has-post-thumbnail hentry category-inspector\">\n\t\t\t\t<a class=\"elementor-post__thumbnail__link\" href=\"https:\/\/sdb.bo\/sdb\/2026\/04\/29\/directores-de-colegios-privados-salesianos-se-reunen-para-mejorar-la-calidad-educativa\/\" tabindex=\"-1\" target=&quot;_blank&quot;>\n\t\t\t<div class=\"elementor-post__thumbnail\"><img decoding=\"async\" width=\"2000\" height=\"1333\" src=\"https:\/\/sdb.bo\/sdb\/wp-content\/uploads\/2026\/04\/DSC08392.jpg\" class=\"attachment-full size-full wp-image-45456\" alt=\"\" srcset=\"https:\/\/sdb.bo\/sdb\/wp-content\/uploads\/2026\/04\/DSC08392.jpg 2000w, https:\/\/sdb.bo\/sdb\/wp-content\/uploads\/2026\/04\/DSC08392-300x200.jpg 300w, https:\/\/sdb.bo\/sdb\/wp-content\/uploads\/2026\/04\/DSC08392-1024x682.jpg 1024w, https:\/\/sdb.bo\/sdb\/wp-content\/uploads\/2026\/04\/DSC08392-768x512.jpg 768w, https:\/\/sdb.bo\/sdb\/wp-content\/uploads\/2026\/04\/DSC08392-1536x1024.jpg 1536w\" sizes=\"(max-width: 2000px) 100vw, 2000px\" \/><\/div>\n\t\t<\/a>\n\t\t\t\t<div class=\"elementor-post__text\">\n\t\t\t\t<h3 class=\"elementor-post__title\">\n\t\t\t<a href=\"https:\/\/sdb.bo\/sdb\/2026\/04\/29\/directores-de-colegios-privados-salesianos-se-reunen-para-mejorar-la-calidad-educativa\/\" target=&quot;_blank&quot;>\n\t\t\t\tDirectores de colegios privados Salesianos se re\u00fanen para mejorar la calidad educativa\t\t\t<\/a>\n\t\t<\/h3>\n\t\t\t\t<div class=\"elementor-post__meta-data\">\n\t\t\t\t\t<span class=\"elementor-post-date\">\n\t\t\t29\/04\/2026\t\t<\/span>\n\t\t\t\t<\/div>\n\t\t\t\t<div class=\"elementor-post__excerpt\">\n\t\t\t<p>DIRECTORES DE COLEGIOS PRIVADOS SALESIANOS SE RE\u00daNEN PARA MEJORAR LA CALIDAD EDUCATIVA El pasado 21 de abril, la Casa Inspectorial fue el escenario de un<\/p>\n<div class=\"pvc_clear\"><\/div>\n<p class=\"pvc_stats all \" data-element-id=\"45445\" style=\"\"><i class=\"pvc-stats-icon medium\" aria-hidden=\"true\"><svg aria-hidden=\"true\" focusable=\"false\" data-prefix=\"far\" data-icon=\"chart-bar\" role=\"img\" xmlns=\"http:\/\/www.w3.org\/2000\/svg\" viewBox=\"0 0 512 512\" class=\"svg-inline--fa fa-chart-bar fa-w-16 fa-2x\"><path fill=\"currentColor\" d=\"M396.8 352h22.4c6.4 0 12.8-6.4 12.8-12.8V108.8c0-6.4-6.4-12.8-12.8-12.8h-22.4c-6.4 0-12.8 6.4-12.8 12.8v230.4c0 6.4 6.4 12.8 12.8 12.8zm-192 0h22.4c6.4 0 12.8-6.4 12.8-12.8V140.8c0-6.4-6.4-12.8-12.8-12.8h-22.4c-6.4 0-12.8 6.4-12.8 12.8v198.4c0 6.4 6.4 12.8 12.8 12.8zm96 0h22.4c6.4 0 12.8-6.4 12.8-12.8V204.8c0-6.4-6.4-12.8-12.8-12.8h-22.4c-6.4 0-12.8 6.4-12.8 12.8v134.4c0 6.4 6.4 12.8 12.8 12.8zM496 400H48V80c0-8.84-7.16-16-16-16H16C7.16 64 0 71.16 0 80v336c0 17.67 14.33 32 32 32h464c8.84 0 16-7.16 16-16v-16c0-8.84-7.16-16-16-16zm-387.2-48h22.4c6.4 0 12.8-6.4 12.8-12.8v-70.4c0-6.4-6.4-12.8-12.8-12.8h-22.4c-6.4 0-12.8 6.4-12.8 12.8v70.4c0 6.4 6.4 12.8 12.8 12.8z\" class=\"\"><\/path><\/svg><\/i> Total de visitas&nbsp;76&nbsp;, visitas hoy&nbsp;4&nbsp;<\/p>\n<div class=\"pvc_clear\"><\/div>\n\t\t<\/div>\n\t\t\t\t<\/div>\n\t\t\t\t<\/article>\n\t\t\t\t<article class=\"elementor-post elementor-grid-item post-45399 post type-post status-publish format-standard has-post-thumbnail hentry category-inspector\">\n\t\t\t\t<a class=\"elementor-post__thumbnail__link\" href=\"https:\/\/sdb.bo\/sdb\/2026\/04\/29\/directores-salesianos-de-bolivia-se-reunen-en-jornada-de-formacion-y-fraternidad\/\" tabindex=\"-1\" target=&quot;_blank&quot;>\n\t\t\t<div class=\"elementor-post__thumbnail\"><img decoding=\"async\" width=\"2000\" height=\"1333\" src=\"https:\/\/sdb.bo\/sdb\/wp-content\/uploads\/2026\/04\/DSC08454.jpg\" class=\"attachment-full size-full wp-image-45435\" alt=\"\" srcset=\"https:\/\/sdb.bo\/sdb\/wp-content\/uploads\/2026\/04\/DSC08454.jpg 2000w, https:\/\/sdb.bo\/sdb\/wp-content\/uploads\/2026\/04\/DSC08454-300x200.jpg 300w, https:\/\/sdb.bo\/sdb\/wp-content\/uploads\/2026\/04\/DSC08454-1024x682.jpg 1024w, https:\/\/sdb.bo\/sdb\/wp-content\/uploads\/2026\/04\/DSC08454-768x512.jpg 768w, https:\/\/sdb.bo\/sdb\/wp-content\/uploads\/2026\/04\/DSC08454-1536x1024.jpg 1536w\" sizes=\"(max-width: 2000px) 100vw, 2000px\" \/><\/div>\n\t\t<\/a>\n\t\t\t\t<div class=\"elementor-post__text\">\n\t\t\t\t<h3 class=\"elementor-post__title\">\n\t\t\t<a href=\"https:\/\/sdb.bo\/sdb\/2026\/04\/29\/directores-salesianos-de-bolivia-se-reunen-en-jornada-de-formacion-y-fraternidad\/\" target=&quot;_blank&quot;>\n\t\t\t\tDirectores Salesianos de Bolivia se re\u00fanen en jornada de formaci\u00f3n y fraternidad\t\t\t<\/a>\n\t\t<\/h3>\n\t\t\t\t<div class=\"elementor-post__meta-data\">\n\t\t\t\t\t<span class=\"elementor-post-date\">\n\t\t\t29\/04\/2026\t\t<\/span>\n\t\t\t\t<\/div>\n\t\t\t\t<div class=\"elementor-post__excerpt\">\n\t\t\t<p>DIRECTORES SALESIANOS DE BOLIVIA SE RE\u00daNEN EN JORNADA DE FORMACI\u00d3N Y FRATERNIDAD Los d\u00edas 22 y 23 de abril, la sede Inspectorial \u201cNuestra Se\u00f1ora de<\/p>\n<div class=\"pvc_clear\"><\/div>\n<p class=\"pvc_stats all \" data-element-id=\"45399\" style=\"\"><i class=\"pvc-stats-icon medium\" aria-hidden=\"true\"><svg aria-hidden=\"true\" focusable=\"false\" data-prefix=\"far\" data-icon=\"chart-bar\" role=\"img\" xmlns=\"http:\/\/www.w3.org\/2000\/svg\" viewBox=\"0 0 512 512\" class=\"svg-inline--fa fa-chart-bar fa-w-16 fa-2x\"><path fill=\"currentColor\" d=\"M396.8 352h22.4c6.4 0 12.8-6.4 12.8-12.8V108.8c0-6.4-6.4-12.8-12.8-12.8h-22.4c-6.4 0-12.8 6.4-12.8 12.8v230.4c0 6.4 6.4 12.8 12.8 12.8zm-192 0h22.4c6.4 0 12.8-6.4 12.8-12.8V140.8c0-6.4-6.4-12.8-12.8-12.8h-22.4c-6.4 0-12.8 6.4-12.8 12.8v198.4c0 6.4 6.4 12.8 12.8 12.8zm96 0h22.4c6.4 0 12.8-6.4 12.8-12.8V204.8c0-6.4-6.4-12.8-12.8-12.8h-22.4c-6.4 0-12.8 6.4-12.8 12.8v134.4c0 6.4 6.4 12.8 12.8 12.8zM496 400H48V80c0-8.84-7.16-16-16-16H16C7.16 64 0 71.16 0 80v336c0 17.67 14.33 32 32 32h464c8.84 0 16-7.16 16-16v-16c0-8.84-7.16-16-16-16zm-387.2-48h22.4c6.4 0 12.8-6.4 12.8-12.8v-70.4c0-6.4-6.4-12.8-12.8-12.8h-22.4c-6.4 0-12.8 6.4-12.8 12.8v70.4c0 6.4 6.4 12.8 12.8 12.8z\" class=\"\"><\/path><\/svg><\/i> Total de visitas&nbsp;56&nbsp;, visitas hoy&nbsp;3&nbsp;<\/p>\n<div class=\"pvc_clear\"><\/div>\n\t\t<\/div>\n\t\t\t\t<\/div>\n\t\t\t\t<\/article>\n\t\t\t\t<article class=\"elementor-post elementor-grid-item post-45220 post type-post status-publish format-standard has-post-thumbnail hentry category-inspector\">\n\t\t\t\t<a class=\"elementor-post__thumbnail__link\" href=\"https:\/\/sdb.bo\/sdb\/2026\/04\/01\/asamblea-del-movimiento-juvenil-salesiano-2026-como-don-bosco-sonamos-y-proyectamos-el-mjs\/\" tabindex=\"-1\" target=&quot;_blank&quot;>\n\t\t\t<div class=\"elementor-post__thumbnail\"><img loading=\"lazy\" decoding=\"async\" width=\"2000\" height=\"1333\" src=\"https:\/\/sdb.bo\/sdb\/wp-content\/uploads\/2026\/04\/DSC08077.jpg\" class=\"attachment-full size-full wp-image-45303\" alt=\"\" srcset=\"https:\/\/sdb.bo\/sdb\/wp-content\/uploads\/2026\/04\/DSC08077.jpg 2000w, https:\/\/sdb.bo\/sdb\/wp-content\/uploads\/2026\/04\/DSC08077-300x200.jpg 300w, https:\/\/sdb.bo\/sdb\/wp-content\/uploads\/2026\/04\/DSC08077-1024x682.jpg 1024w, https:\/\/sdb.bo\/sdb\/wp-content\/uploads\/2026\/04\/DSC08077-768x512.jpg 768w, https:\/\/sdb.bo\/sdb\/wp-content\/uploads\/2026\/04\/DSC08077-1536x1024.jpg 1536w\" sizes=\"(max-width: 2000px) 100vw, 2000px\" \/><\/div>\n\t\t<\/a>\n\t\t\t\t<div class=\"elementor-post__text\">\n\t\t\t\t<h3 class=\"elementor-post__title\">\n\t\t\t<a href=\"https:\/\/sdb.bo\/sdb\/2026\/04\/01\/asamblea-del-movimiento-juvenil-salesiano-2026-como-don-bosco-sonamos-y-proyectamos-el-mjs\/\" target=&quot;_blank&quot;>\n\t\t\t\tASAMBLEA DEL MOVIMIENTO JUVENIL SALESIANO 2026 Como Don Bosco, so\u00f1amos y proyectamos el MJS\t\t\t<\/a>\n\t\t<\/h3>\n\t\t\t\t<div class=\"elementor-post__meta-data\">\n\t\t\t\t\t<span class=\"elementor-post-date\">\n\t\t\t01\/04\/2026\t\t<\/span>\n\t\t\t\t<\/div>\n\t\t\t\t<div class=\"elementor-post__excerpt\">\n\t\t\t<p>ASAMBLEA DEL MOVIMIENTO JUVENIL SALESIANO 2026 COMO DON BOSCO, SO\u00d1AMOS Y PROYECTAMOS EL MJS Estudio &#8211; reflexi\u00f3n del Documento final del S\u00ednodo Salesiano de los<\/p>\n<div class=\"pvc_clear\"><\/div>\n<p class=\"pvc_stats all \" data-element-id=\"45220\" style=\"\"><i class=\"pvc-stats-icon medium\" aria-hidden=\"true\"><svg aria-hidden=\"true\" focusable=\"false\" data-prefix=\"far\" data-icon=\"chart-bar\" role=\"img\" xmlns=\"http:\/\/www.w3.org\/2000\/svg\" viewBox=\"0 0 512 512\" class=\"svg-inline--fa fa-chart-bar fa-w-16 fa-2x\"><path fill=\"currentColor\" d=\"M396.8 352h22.4c6.4 0 12.8-6.4 12.8-12.8V108.8c0-6.4-6.4-12.8-12.8-12.8h-22.4c-6.4 0-12.8 6.4-12.8 12.8v230.4c0 6.4 6.4 12.8 12.8 12.8zm-192 0h22.4c6.4 0 12.8-6.4 12.8-12.8V140.8c0-6.4-6.4-12.8-12.8-12.8h-22.4c-6.4 0-12.8 6.4-12.8 12.8v198.4c0 6.4 6.4 12.8 12.8 12.8zm96 0h22.4c6.4 0 12.8-6.4 12.8-12.8V204.8c0-6.4-6.4-12.8-12.8-12.8h-22.4c-6.4 0-12.8 6.4-12.8 12.8v134.4c0 6.4 6.4 12.8 12.8 12.8zM496 400H48V80c0-8.84-7.16-16-16-16H16C7.16 64 0 71.16 0 80v336c0 17.67 14.33 32 32 32h464c8.84 0 16-7.16 16-16v-16c0-8.84-7.16-16-16-16zm-387.2-48h22.4c6.4 0 12.8-6.4 12.8-12.8v-70.4c0-6.4-6.4-12.8-12.8-12.8h-22.4c-6.4 0-12.8 6.4-12.8 12.8v70.4c0 6.4 6.4 12.8 12.8 12.8z\" class=\"\"><\/path><\/svg><\/i> Total de visitas&nbsp;2,690&nbsp;, visitas hoy&nbsp;1&nbsp;<\/p>\n<div class=\"pvc_clear\"><\/div>\n\t\t<\/div>\n\t\t\t\t<\/div>\n\t\t\t\t<\/article>\n\t\t\t\t<article class=\"elementor-post elementor-grid-item post-45192 post type-post status-publish format-standard has-post-thumbnail hentry category-inspector\">\n\t\t\t\t<a class=\"elementor-post__thumbnail__link\" href=\"https:\/\/sdb.bo\/sdb\/2026\/03\/31\/salesianos-de-bolivia-profundizan-su-formacion-y-compromiso-sinodal-en-la-sede-inspectorial\/\" tabindex=\"-1\" target=&quot;_blank&quot;>\n\t\t\t<div class=\"elementor-post__thumbnail\"><img loading=\"lazy\" decoding=\"async\" width=\"2000\" height=\"1333\" src=\"https:\/\/sdb.bo\/sdb\/wp-content\/uploads\/2026\/03\/DSC07811.jpg\" class=\"attachment-full size-full wp-image-45215\" alt=\"\" srcset=\"https:\/\/sdb.bo\/sdb\/wp-content\/uploads\/2026\/03\/DSC07811.jpg 2000w, https:\/\/sdb.bo\/sdb\/wp-content\/uploads\/2026\/03\/DSC07811-300x200.jpg 300w, https:\/\/sdb.bo\/sdb\/wp-content\/uploads\/2026\/03\/DSC07811-1024x682.jpg 1024w, https:\/\/sdb.bo\/sdb\/wp-content\/uploads\/2026\/03\/DSC07811-768x512.jpg 768w, https:\/\/sdb.bo\/sdb\/wp-content\/uploads\/2026\/03\/DSC07811-1536x1024.jpg 1536w\" sizes=\"(max-width: 2000px) 100vw, 2000px\" \/><\/div>\n\t\t<\/a>\n\t\t\t\t<div class=\"elementor-post__text\">\n\t\t\t\t<h3 class=\"elementor-post__title\">\n\t\t\t<a href=\"https:\/\/sdb.bo\/sdb\/2026\/03\/31\/salesianos-de-bolivia-profundizan-su-formacion-y-compromiso-sinodal-en-la-sede-inspectorial\/\" target=&quot;_blank&quot;>\n\t\t\t\tSALESIANOS DE BOLIVIA PROFUNDIZAN SU FORMACI\u00d3N Y COMPROMISO SINODAL EN LA SEDE INSPECTORIAL\t\t\t<\/a>\n\t\t<\/h3>\n\t\t\t\t<div class=\"elementor-post__meta-data\">\n\t\t\t\t\t<span class=\"elementor-post-date\">\n\t\t\t31\/03\/2026\t\t<\/span>\n\t\t\t\t<\/div>\n\t\t\t\t<div class=\"elementor-post__excerpt\">\n\t\t\t<p>SALESIANOS DE BOLIVIA PROFUNDIZAN SU FORMACI\u00d3N Y COMPROMISO SINODAL EN LA SEDE INSPECTORIAL Del 24 al 26 de marzo, en la Sede Inspectorial de Cochabamba,<\/p>\n<div class=\"pvc_clear\"><\/div>\n<p class=\"pvc_stats all \" data-element-id=\"45192\" style=\"\"><i class=\"pvc-stats-icon medium\" aria-hidden=\"true\"><svg aria-hidden=\"true\" focusable=\"false\" data-prefix=\"far\" data-icon=\"chart-bar\" role=\"img\" xmlns=\"http:\/\/www.w3.org\/2000\/svg\" viewBox=\"0 0 512 512\" class=\"svg-inline--fa fa-chart-bar fa-w-16 fa-2x\"><path fill=\"currentColor\" d=\"M396.8 352h22.4c6.4 0 12.8-6.4 12.8-12.8V108.8c0-6.4-6.4-12.8-12.8-12.8h-22.4c-6.4 0-12.8 6.4-12.8 12.8v230.4c0 6.4 6.4 12.8 12.8 12.8zm-192 0h22.4c6.4 0 12.8-6.4 12.8-12.8V140.8c0-6.4-6.4-12.8-12.8-12.8h-22.4c-6.4 0-12.8 6.4-12.8 12.8v198.4c0 6.4 6.4 12.8 12.8 12.8zm96 0h22.4c6.4 0 12.8-6.4 12.8-12.8V204.8c0-6.4-6.4-12.8-12.8-12.8h-22.4c-6.4 0-12.8 6.4-12.8 12.8v134.4c0 6.4 6.4 12.8 12.8 12.8zM496 400H48V80c0-8.84-7.16-16-16-16H16C7.16 64 0 71.16 0 80v336c0 17.67 14.33 32 32 32h464c8.84 0 16-7.16 16-16v-16c0-8.84-7.16-16-16-16zm-387.2-48h22.4c6.4 0 12.8-6.4 12.8-12.8v-70.4c0-6.4-6.4-12.8-12.8-12.8h-22.4c-6.4 0-12.8 6.4-12.8 12.8v70.4c0 6.4 6.4 12.8 12.8 12.8z\" class=\"\"><\/path><\/svg><\/i> Total de visitas&nbsp;2,613&nbsp;<\/p>\n<div class=\"pvc_clear\"><\/div>\n\t\t<\/div>\n\t\t\t\t<\/div>\n\t\t\t\t<\/article>\n\t\t\t\t<article class=\"elementor-post elementor-grid-item post-45150 post type-post status-publish format-standard has-post-thumbnail hentry category-inspector\">\n\t\t\t\t<a class=\"elementor-post__thumbnail__link\" href=\"https:\/\/sdb.bo\/sdb\/2026\/02\/03\/retiro-trimestral-de-la-familia-salesiana-2\/\" tabindex=\"-1\" target=&quot;_blank&quot;>\n\t\t\t<div class=\"elementor-post__thumbnail\"><img loading=\"lazy\" decoding=\"async\" width=\"2000\" height=\"1000\" src=\"https:\/\/sdb.bo\/sdb\/wp-content\/uploads\/2026\/02\/DSC07722.jpg\" class=\"attachment-full size-full wp-image-45176\" alt=\"\" srcset=\"https:\/\/sdb.bo\/sdb\/wp-content\/uploads\/2026\/02\/DSC07722.jpg 2000w, https:\/\/sdb.bo\/sdb\/wp-content\/uploads\/2026\/02\/DSC07722-300x150.jpg 300w, https:\/\/sdb.bo\/sdb\/wp-content\/uploads\/2026\/02\/DSC07722-1024x512.jpg 1024w, https:\/\/sdb.bo\/sdb\/wp-content\/uploads\/2026\/02\/DSC07722-768x384.jpg 768w, https:\/\/sdb.bo\/sdb\/wp-content\/uploads\/2026\/02\/DSC07722-1536x768.jpg 1536w\" sizes=\"(max-width: 2000px) 100vw, 2000px\" \/><\/div>\n\t\t<\/a>\n\t\t\t\t<div class=\"elementor-post__text\">\n\t\t\t\t<h3 class=\"elementor-post__title\">\n\t\t\t<a href=\"https:\/\/sdb.bo\/sdb\/2026\/02\/03\/retiro-trimestral-de-la-familia-salesiana-2\/\" target=&quot;_blank&quot;>\n\t\t\t\tRETIRO TRIMESTRAL DE LA FAMILIA SALESIANA\t\t\t<\/a>\n\t\t<\/h3>\n\t\t\t\t<div class=\"elementor-post__meta-data\">\n\t\t\t\t\t<span class=\"elementor-post-date\">\n\t\t\t03\/02\/2026\t\t<\/span>\n\t\t\t\t<\/div>\n\t\t\t\t<div class=\"elementor-post__excerpt\">\n\t\t\t<p>RETIRO TRIMESTRAL DE LA FAMILIA SALESIANA El s\u00e1bado 31 de enero, con grande alegr\u00eda, la Familia Salesiana de las regiones de La Paz, Cochabamba y<\/p>\n<div class=\"pvc_clear\"><\/div>\n<p class=\"pvc_stats all \" data-element-id=\"45150\" style=\"\"><i class=\"pvc-stats-icon medium\" aria-hidden=\"true\"><svg aria-hidden=\"true\" focusable=\"false\" data-prefix=\"far\" data-icon=\"chart-bar\" role=\"img\" xmlns=\"http:\/\/www.w3.org\/2000\/svg\" viewBox=\"0 0 512 512\" class=\"svg-inline--fa fa-chart-bar fa-w-16 fa-2x\"><path fill=\"currentColor\" d=\"M396.8 352h22.4c6.4 0 12.8-6.4 12.8-12.8V108.8c0-6.4-6.4-12.8-12.8-12.8h-22.4c-6.4 0-12.8 6.4-12.8 12.8v230.4c0 6.4 6.4 12.8 12.8 12.8zm-192 0h22.4c6.4 0 12.8-6.4 12.8-12.8V140.8c0-6.4-6.4-12.8-12.8-12.8h-22.4c-6.4 0-12.8 6.4-12.8 12.8v198.4c0 6.4 6.4 12.8 12.8 12.8zm96 0h22.4c6.4 0 12.8-6.4 12.8-12.8V204.8c0-6.4-6.4-12.8-12.8-12.8h-22.4c-6.4 0-12.8 6.4-12.8 12.8v134.4c0 6.4 6.4 12.8 12.8 12.8zM496 400H48V80c0-8.84-7.16-16-16-16H16C7.16 64 0 71.16 0 80v336c0 17.67 14.33 32 32 32h464c8.84 0 16-7.16 16-16v-16c0-8.84-7.16-16-16-16zm-387.2-48h22.4c6.4 0 12.8-6.4 12.8-12.8v-70.4c0-6.4-6.4-12.8-12.8-12.8h-22.4c-6.4 0-12.8 6.4-12.8 12.8v70.4c0 6.4 6.4 12.8 12.8 12.8z\" class=\"\"><\/path><\/svg><\/i> Total de visitas&nbsp;5,858&nbsp;<\/p>\n<div class=\"pvc_clear\"><\/div>\n\t\t<\/div>\n\t\t\t\t<\/div>\n\t\t\t\t<\/article>\n\t\t\t\t<article class=\"elementor-post elementor-grid-item post-45129 post type-post status-publish format-standard has-post-thumbnail hentry category-inspector\">\n\t\t\t\t<a class=\"elementor-post__thumbnail__link\" href=\"https:\/\/sdb.bo\/sdb\/2026\/01\/13\/el-religioso-juan-marot-le-regala-a-cochabamba-el-mejor-pesebre-y-gana-el-concurso-municipal\/\" tabindex=\"-1\" target=&quot;_blank&quot;>\n\t\t\t<div class=\"elementor-post__thumbnail\"><img loading=\"lazy\" decoding=\"async\" width=\"2000\" height=\"1119\" src=\"https:\/\/sdb.bo\/sdb\/wp-content\/uploads\/2026\/01\/WhatsApp-Image-2026-01-13-at-9.51.49-AM.jpg\" class=\"attachment-full size-full wp-image-45132\" alt=\"\" \/><\/div>\n\t\t<\/a>\n\t\t\t\t<div class=\"elementor-post__text\">\n\t\t\t\t<h3 class=\"elementor-post__title\">\n\t\t\t<a href=\"https:\/\/sdb.bo\/sdb\/2026\/01\/13\/el-religioso-juan-marot-le-regala-a-cochabamba-el-mejor-pesebre-y-gana-el-concurso-municipal\/\" target=&quot;_blank&quot;>\n\t\t\t\tEl religioso Juan Marot le regala a Cochabamba el mejor pesebre y gana el concurso municipal\t\t\t<\/a>\n\t\t<\/h3>\n\t\t\t\t<div class=\"elementor-post__meta-data\">\n\t\t\t\t\t<span class=\"elementor-post-date\">\n\t\t\t13\/01\/2026\t\t<\/span>\n\t\t\t\t<\/div>\n\t\t\t\t<div class=\"elementor-post__excerpt\">\n\t\t\t<p>EL RELIGIOSO JUAN MAROT LE REGALA A COCHABAMBA EL MEJOR PESEBRE Y GANA EL CONCURSO MUNICIPAL En un espacio muy singular conocido como la Inspector\u00eda<\/p>\n<div class=\"pvc_clear\"><\/div>\n<p class=\"pvc_stats all \" data-element-id=\"45129\" style=\"\"><i class=\"pvc-stats-icon medium\" aria-hidden=\"true\"><svg aria-hidden=\"true\" focusable=\"false\" data-prefix=\"far\" data-icon=\"chart-bar\" role=\"img\" xmlns=\"http:\/\/www.w3.org\/2000\/svg\" viewBox=\"0 0 512 512\" class=\"svg-inline--fa fa-chart-bar fa-w-16 fa-2x\"><path fill=\"currentColor\" d=\"M396.8 352h22.4c6.4 0 12.8-6.4 12.8-12.8V108.8c0-6.4-6.4-12.8-12.8-12.8h-22.4c-6.4 0-12.8 6.4-12.8 12.8v230.4c0 6.4 6.4 12.8 12.8 12.8zm-192 0h22.4c6.4 0 12.8-6.4 12.8-12.8V140.8c0-6.4-6.4-12.8-12.8-12.8h-22.4c-6.4 0-12.8 6.4-12.8 12.8v198.4c0 6.4 6.4 12.8 12.8 12.8zm96 0h22.4c6.4 0 12.8-6.4 12.8-12.8V204.8c0-6.4-6.4-12.8-12.8-12.8h-22.4c-6.4 0-12.8 6.4-12.8 12.8v134.4c0 6.4 6.4 12.8 12.8 12.8zM496 400H48V80c0-8.84-7.16-16-16-16H16C7.16 64 0 71.16 0 80v336c0 17.67 14.33 32 32 32h464c8.84 0 16-7.16 16-16v-16c0-8.84-7.16-16-16-16zm-387.2-48h22.4c6.4 0 12.8-6.4 12.8-12.8v-70.4c0-6.4-6.4-12.8-12.8-12.8h-22.4c-6.4 0-12.8 6.4-12.8 12.8v70.4c0 6.4 6.4 12.8 12.8 12.8z\" class=\"\"><\/path><\/svg><\/i> Total de visitas&nbsp;4,663&nbsp;<\/p>\n<div class=\"pvc_clear\"><\/div>\n\t\t<\/div>\n\t\t\t\t<\/div>\n\t\t\t\t<\/article>\n\t\t\t\t<article class=\"elementor-post elementor-grid-item post-45110 post type-post status-publish format-standard has-post-thumbnail hentry category-inspector\">\n\t\t\t\t<a class=\"elementor-post__thumbnail__link\" href=\"https:\/\/sdb.bo\/sdb\/2026\/01\/12\/renovacion-de-la-profesion-religiosa-2026\/\" tabindex=\"-1\" target=&quot;_blank&quot;>\n\t\t\t<div class=\"elementor-post__thumbnail\"><img loading=\"lazy\" decoding=\"async\" width=\"1600\" height=\"1200\" src=\"https:\/\/sdb.bo\/sdb\/wp-content\/uploads\/2026\/01\/WhatsApp-Image-2026-01-12-at-10.58.50-AM-4.jpeg\" class=\"attachment-full size-full wp-image-45115\" alt=\"\" srcset=\"https:\/\/sdb.bo\/sdb\/wp-content\/uploads\/2026\/01\/WhatsApp-Image-2026-01-12-at-10.58.50-AM-4.jpeg 1600w, https:\/\/sdb.bo\/sdb\/wp-content\/uploads\/2026\/01\/WhatsApp-Image-2026-01-12-at-10.58.50-AM-4-300x225.jpeg 300w, https:\/\/sdb.bo\/sdb\/wp-content\/uploads\/2026\/01\/WhatsApp-Image-2026-01-12-at-10.58.50-AM-4-1024x768.jpeg 1024w, https:\/\/sdb.bo\/sdb\/wp-content\/uploads\/2026\/01\/WhatsApp-Image-2026-01-12-at-10.58.50-AM-4-768x576.jpeg 768w, https:\/\/sdb.bo\/sdb\/wp-content\/uploads\/2026\/01\/WhatsApp-Image-2026-01-12-at-10.58.50-AM-4-1536x1152.jpeg 1536w\" sizes=\"(max-width: 1600px) 100vw, 1600px\" \/><\/div>\n\t\t<\/a>\n\t\t\t\t<div class=\"elementor-post__text\">\n\t\t\t\t<h3 class=\"elementor-post__title\">\n\t\t\t<a href=\"https:\/\/sdb.bo\/sdb\/2026\/01\/12\/renovacion-de-la-profesion-religiosa-2026\/\" target=&quot;_blank&quot;>\n\t\t\t\tRENOVACI\u00d3N DE LA PROFESI\u00d3N RELIGIOSA 2026\t\t\t<\/a>\n\t\t<\/h3>\n\t\t\t\t<div class=\"elementor-post__meta-data\">\n\t\t\t\t\t<span class=\"elementor-post-date\">\n\t\t\t12\/01\/2026\t\t<\/span>\n\t\t\t\t<\/div>\n\t\t\t\t<div class=\"elementor-post__excerpt\">\n\t\t\t<p>RENOVACI\u00d3N DE LA PROFESI\u00d3N RELIGIOSA 2026 Durante este mes de enero, en diferentes fechas, varios hermanos j\u00f3venes de la Inspector\u00eda de Bolivia \u201cNuestra Se\u00f1ora de<\/p>\n<div class=\"pvc_clear\"><\/div>\n<p class=\"pvc_stats all \" data-element-id=\"45110\" style=\"\"><i class=\"pvc-stats-icon medium\" aria-hidden=\"true\"><svg aria-hidden=\"true\" focusable=\"false\" data-prefix=\"far\" data-icon=\"chart-bar\" role=\"img\" xmlns=\"http:\/\/www.w3.org\/2000\/svg\" viewBox=\"0 0 512 512\" class=\"svg-inline--fa fa-chart-bar fa-w-16 fa-2x\"><path fill=\"currentColor\" d=\"M396.8 352h22.4c6.4 0 12.8-6.4 12.8-12.8V108.8c0-6.4-6.4-12.8-12.8-12.8h-22.4c-6.4 0-12.8 6.4-12.8 12.8v230.4c0 6.4 6.4 12.8 12.8 12.8zm-192 0h22.4c6.4 0 12.8-6.4 12.8-12.8V140.8c0-6.4-6.4-12.8-12.8-12.8h-22.4c-6.4 0-12.8 6.4-12.8 12.8v198.4c0 6.4 6.4 12.8 12.8 12.8zm96 0h22.4c6.4 0 12.8-6.4 12.8-12.8V204.8c0-6.4-6.4-12.8-12.8-12.8h-22.4c-6.4 0-12.8 6.4-12.8 12.8v134.4c0 6.4 6.4 12.8 12.8 12.8zM496 400H48V80c0-8.84-7.16-16-16-16H16C7.16 64 0 71.16 0 80v336c0 17.67 14.33 32 32 32h464c8.84 0 16-7.16 16-16v-16c0-8.84-7.16-16-16-16zm-387.2-48h22.4c6.4 0 12.8-6.4 12.8-12.8v-70.4c0-6.4-6.4-12.8-12.8-12.8h-22.4c-6.4 0-12.8 6.4-12.8 12.8v70.4c0 6.4 6.4 12.8 12.8 12.8z\" class=\"\"><\/path><\/svg><\/i> Total de visitas&nbsp;4,629&nbsp;<\/p>\n<div class=\"pvc_clear\"><\/div>\n\t\t<\/div>\n\t\t\t\t<\/div>\n\t\t\t\t<\/article>\n\t\t\t\t<article class=\"elementor-post elementor-grid-item post-44964 post type-post status-publish format-standard has-post-thumbnail hentry category-inspector\">\n\t\t\t\t<a class=\"elementor-post__thumbnail__link\" href=\"https:\/\/sdb.bo\/sdb\/2025\/12\/30\/asamblea-de-hermanos-sdb-2025\/\" tabindex=\"-1\" target=&quot;_blank&quot;>\n\t\t\t<div class=\"elementor-post__thumbnail\"><img loading=\"lazy\" decoding=\"async\" width=\"2000\" height=\"869\" src=\"https:\/\/sdb.bo\/sdb\/wp-content\/uploads\/2025\/12\/DSC07329.jpg\" class=\"attachment-full size-full wp-image-45001\" alt=\"\" \/><\/div>\n\t\t<\/a>\n\t\t\t\t<div class=\"elementor-post__text\">\n\t\t\t\t<h3 class=\"elementor-post__title\">\n\t\t\t<a href=\"https:\/\/sdb.bo\/sdb\/2025\/12\/30\/asamblea-de-hermanos-sdb-2025\/\" target=&quot;_blank&quot;>\n\t\t\t\tAsamblea de Hermanos SDB &#8211; 2025\t\t\t<\/a>\n\t\t<\/h3>\n\t\t\t\t<div class=\"elementor-post__meta-data\">\n\t\t\t\t\t<span class=\"elementor-post-date\">\n\t\t\t30\/12\/2025\t\t<\/span>\n\t\t\t\t<\/div>\n\t\t\t\t<div class=\"elementor-post__excerpt\">\n\t\t\t<p>Asamblea de Hermanos SDB &#8211; 2025 150 aniversario del primer env\u00edo misionero salesiano Los d\u00edas 26 y 27 de diciembre de 2025, en la casa<\/p>\n<div class=\"pvc_clear\"><\/div>\n<p class=\"pvc_stats all \" data-element-id=\"44964\" style=\"\"><i class=\"pvc-stats-icon medium\" aria-hidden=\"true\"><svg aria-hidden=\"true\" focusable=\"false\" data-prefix=\"far\" data-icon=\"chart-bar\" role=\"img\" xmlns=\"http:\/\/www.w3.org\/2000\/svg\" viewBox=\"0 0 512 512\" class=\"svg-inline--fa fa-chart-bar fa-w-16 fa-2x\"><path fill=\"currentColor\" d=\"M396.8 352h22.4c6.4 0 12.8-6.4 12.8-12.8V108.8c0-6.4-6.4-12.8-12.8-12.8h-22.4c-6.4 0-12.8 6.4-12.8 12.8v230.4c0 6.4 6.4 12.8 12.8 12.8zm-192 0h22.4c6.4 0 12.8-6.4 12.8-12.8V140.8c0-6.4-6.4-12.8-12.8-12.8h-22.4c-6.4 0-12.8 6.4-12.8 12.8v198.4c0 6.4 6.4 12.8 12.8 12.8zm96 0h22.4c6.4 0 12.8-6.4 12.8-12.8V204.8c0-6.4-6.4-12.8-12.8-12.8h-22.4c-6.4 0-12.8 6.4-12.8 12.8v134.4c0 6.4 6.4 12.8 12.8 12.8zM496 400H48V80c0-8.84-7.16-16-16-16H16C7.16 64 0 71.16 0 80v336c0 17.67 14.33 32 32 32h464c8.84 0 16-7.16 16-16v-16c0-8.84-7.16-16-16-16zm-387.2-48h22.4c6.4 0 12.8-6.4 12.8-12.8v-70.4c0-6.4-6.4-12.8-12.8-12.8h-22.4c-6.4 0-12.8 6.4-12.8 12.8v70.4c0 6.4 6.4 12.8 12.8 12.8z\" class=\"\"><\/path><\/svg><\/i> Total de visitas&nbsp;2,415&nbsp;<\/p>\n<div class=\"pvc_clear\"><\/div>\n\t\t<\/div>\n\t\t\t\t<\/div>\n\t\t\t\t<\/article>\n\t\t\t\t<article class=\"elementor-post elementor-grid-item post-44903 post type-post status-publish format-standard has-post-thumbnail hentry category-inspector\">\n\t\t\t\t<a class=\"elementor-post__thumbnail__link\" href=\"https:\/\/sdb.bo\/sdb\/2025\/12\/02\/reunion-de-estudio-y-evaluacion-del-equipo-inspectorial-de-pastoral-juvenil\/\" tabindex=\"-1\" target=&quot;_blank&quot;>\n\t\t\t<div class=\"elementor-post__thumbnail\"><img loading=\"lazy\" decoding=\"async\" width=\"1500\" height=\"1327\" src=\"https:\/\/sdb.bo\/sdb\/wp-content\/uploads\/2025\/12\/WhatsApp-Image-2025-12-02-at-10.04.20-AM-e1764703491247.jpg\" class=\"attachment-full size-full wp-image-44958\" alt=\"\" srcset=\"https:\/\/sdb.bo\/sdb\/wp-content\/uploads\/2025\/12\/WhatsApp-Image-2025-12-02-at-10.04.20-AM-e1764703491247.jpg 1500w, https:\/\/sdb.bo\/sdb\/wp-content\/uploads\/2025\/12\/WhatsApp-Image-2025-12-02-at-10.04.20-AM-e1764703491247-300x265.jpg 300w, https:\/\/sdb.bo\/sdb\/wp-content\/uploads\/2025\/12\/WhatsApp-Image-2025-12-02-at-10.04.20-AM-e1764703491247-1024x906.jpg 1024w, https:\/\/sdb.bo\/sdb\/wp-content\/uploads\/2025\/12\/WhatsApp-Image-2025-12-02-at-10.04.20-AM-e1764703491247-768x679.jpg 768w\" sizes=\"(max-width: 1500px) 100vw, 1500px\" \/><\/div>\n\t\t<\/a>\n\t\t\t\t<div class=\"elementor-post__text\">\n\t\t\t\t<h3 class=\"elementor-post__title\">\n\t\t\t<a href=\"https:\/\/sdb.bo\/sdb\/2025\/12\/02\/reunion-de-estudio-y-evaluacion-del-equipo-inspectorial-de-pastoral-juvenil\/\" target=&quot;_blank&quot;>\n\t\t\t\tREUNI\u00d3N DE ESTUDIO Y EVALUACI\u00d3N DEL EQUIPO INSPECTORIAL DE PASTORAL JUVENIL\t\t\t<\/a>\n\t\t<\/h3>\n\t\t\t\t<div class=\"elementor-post__meta-data\">\n\t\t\t\t\t<span class=\"elementor-post-date\">\n\t\t\t02\/12\/2025\t\t<\/span>\n\t\t\t\t<\/div>\n\t\t\t\t<div class=\"elementor-post__excerpt\">\n\t\t\t<p>REUNI\u00d3N DE ESTUDIO Y EVALUACI\u00d3N DEL EQUIPO INSPECTORIAL DE PASTORAL JUVENIL Los d\u00edas 20 y 21 de noviembre, la casa Inspectorial de los Salesianos de<\/p>\n<div class=\"pvc_clear\"><\/div>\n<p class=\"pvc_stats all \" data-element-id=\"44903\" style=\"\"><i class=\"pvc-stats-icon medium\" aria-hidden=\"true\"><svg aria-hidden=\"true\" focusable=\"false\" data-prefix=\"far\" data-icon=\"chart-bar\" role=\"img\" xmlns=\"http:\/\/www.w3.org\/2000\/svg\" viewBox=\"0 0 512 512\" class=\"svg-inline--fa fa-chart-bar fa-w-16 fa-2x\"><path fill=\"currentColor\" d=\"M396.8 352h22.4c6.4 0 12.8-6.4 12.8-12.8V108.8c0-6.4-6.4-12.8-12.8-12.8h-22.4c-6.4 0-12.8 6.4-12.8 12.8v230.4c0 6.4 6.4 12.8 12.8 12.8zm-192 0h22.4c6.4 0 12.8-6.4 12.8-12.8V140.8c0-6.4-6.4-12.8-12.8-12.8h-22.4c-6.4 0-12.8 6.4-12.8 12.8v198.4c0 6.4 6.4 12.8 12.8 12.8zm96 0h22.4c6.4 0 12.8-6.4 12.8-12.8V204.8c0-6.4-6.4-12.8-12.8-12.8h-22.4c-6.4 0-12.8 6.4-12.8 12.8v134.4c0 6.4 6.4 12.8 12.8 12.8zM496 400H48V80c0-8.84-7.16-16-16-16H16C7.16 64 0 71.16 0 80v336c0 17.67 14.33 32 32 32h464c8.84 0 16-7.16 16-16v-16c0-8.84-7.16-16-16-16zm-387.2-48h22.4c6.4 0 12.8-6.4 12.8-12.8v-70.4c0-6.4-6.4-12.8-12.8-12.8h-22.4c-6.4 0-12.8 6.4-12.8 12.8v70.4c0 6.4 6.4 12.8 12.8 12.8z\" class=\"\"><\/path><\/svg><\/i> Total de visitas&nbsp;2,711&nbsp;<\/p>\n<div class=\"pvc_clear\"><\/div>\n\t\t<\/div>\n\t\t\t\t<\/div>\n\t\t\t\t<\/article>\n\t\t\t\t<article class=\"elementor-post elementor-grid-item post-44796 post type-post status-publish format-standard has-post-thumbnail hentry category-inspector\">\n\t\t\t\t<a class=\"elementor-post__thumbnail__link\" href=\"https:\/\/sdb.bo\/sdb\/2025\/11\/13\/reunion-de-los-responsables-y-coordinadores-de-oratorios-sdb-de-bolivia-estudio-discernimiento-y-articulacion-de-los-oratorios\/\" tabindex=\"-1\" target=&quot;_blank&quot;>\n\t\t\t<div class=\"elementor-post__thumbnail\"><img loading=\"lazy\" decoding=\"async\" width=\"2000\" height=\"1155\" src=\"https:\/\/sdb.bo\/sdb\/wp-content\/uploads\/2025\/11\/DSC06660a.jpg\" class=\"attachment-full size-full wp-image-44852\" alt=\"\" srcset=\"https:\/\/sdb.bo\/sdb\/wp-content\/uploads\/2025\/11\/DSC06660a.jpg 2000w, https:\/\/sdb.bo\/sdb\/wp-content\/uploads\/2025\/11\/DSC06660a-300x173.jpg 300w, https:\/\/sdb.bo\/sdb\/wp-content\/uploads\/2025\/11\/DSC06660a-1024x591.jpg 1024w, https:\/\/sdb.bo\/sdb\/wp-content\/uploads\/2025\/11\/DSC06660a-768x444.jpg 768w, https:\/\/sdb.bo\/sdb\/wp-content\/uploads\/2025\/11\/DSC06660a-1536x887.jpg 1536w\" sizes=\"(max-width: 2000px) 100vw, 2000px\" \/><\/div>\n\t\t<\/a>\n\t\t\t\t<div class=\"elementor-post__text\">\n\t\t\t\t<h3 class=\"elementor-post__title\">\n\t\t\t<a href=\"https:\/\/sdb.bo\/sdb\/2025\/11\/13\/reunion-de-los-responsables-y-coordinadores-de-oratorios-sdb-de-bolivia-estudio-discernimiento-y-articulacion-de-los-oratorios\/\" target=&quot;_blank&quot;>\n\t\t\t\tReuni\u00f3n de los responsables y coordinadores de oratorios sdb de Bolivia: Estudio, discernimiento y articulaci\u00f3n de los oratorios\t\t\t<\/a>\n\t\t<\/h3>\n\t\t\t\t<div class=\"elementor-post__meta-data\">\n\t\t\t\t\t<span class=\"elementor-post-date\">\n\t\t\t13\/11\/2025\t\t<\/span>\n\t\t\t\t<\/div>\n\t\t\t\t<div class=\"elementor-post__excerpt\">\n\t\t\t<p>REUNI\u00d3N DE LOS RESPONSABLES Y COORDINADORES DE ORATORIOS SDB DE BOLIVIA: ESTUDIO, DISCERNIMIENTO Y ARTICULACI\u00d3N DE LOS ORATORIOS Los d\u00edas 8 y 9 de noviembre<\/p>\n<div class=\"pvc_clear\"><\/div>\n<p class=\"pvc_stats all \" data-element-id=\"44796\" style=\"\"><i class=\"pvc-stats-icon medium\" aria-hidden=\"true\"><svg aria-hidden=\"true\" focusable=\"false\" data-prefix=\"far\" data-icon=\"chart-bar\" role=\"img\" xmlns=\"http:\/\/www.w3.org\/2000\/svg\" viewBox=\"0 0 512 512\" class=\"svg-inline--fa fa-chart-bar fa-w-16 fa-2x\"><path fill=\"currentColor\" d=\"M396.8 352h22.4c6.4 0 12.8-6.4 12.8-12.8V108.8c0-6.4-6.4-12.8-12.8-12.8h-22.4c-6.4 0-12.8 6.4-12.8 12.8v230.4c0 6.4 6.4 12.8 12.8 12.8zm-192 0h22.4c6.4 0 12.8-6.4 12.8-12.8V140.8c0-6.4-6.4-12.8-12.8-12.8h-22.4c-6.4 0-12.8 6.4-12.8 12.8v198.4c0 6.4 6.4 12.8 12.8 12.8zm96 0h22.4c6.4 0 12.8-6.4 12.8-12.8V204.8c0-6.4-6.4-12.8-12.8-12.8h-22.4c-6.4 0-12.8 6.4-12.8 12.8v134.4c0 6.4 6.4 12.8 12.8 12.8zM496 400H48V80c0-8.84-7.16-16-16-16H16C7.16 64 0 71.16 0 80v336c0 17.67 14.33 32 32 32h464c8.84 0 16-7.16 16-16v-16c0-8.84-7.16-16-16-16zm-387.2-48h22.4c6.4 0 12.8-6.4 12.8-12.8v-70.4c0-6.4-6.4-12.8-12.8-12.8h-22.4c-6.4 0-12.8 6.4-12.8 12.8v70.4c0 6.4 6.4 12.8 12.8 12.8z\" class=\"\"><\/path><\/svg><\/i> Total de visitas&nbsp;3,850&nbsp;<\/p>\n<div class=\"pvc_clear\"><\/div>\n\t\t<\/div>\n\t\t\t\t<\/div>\n\t\t\t\t<\/article>\n\t\t\t\t<article class=\"elementor-post elementor-grid-item post-44751 post type-post status-publish format-standard has-post-thumbnail hentry category-inspector\">\n\t\t\t\t<a class=\"elementor-post__thumbnail__link\" href=\"https:\/\/sdb.bo\/sdb\/2025\/11\/13\/fe-y-mision-en-fiesta-salesianas-oblatas-celebran-140-anos-de-su-fundador-y-40-anos-en-bolivia\/\" tabindex=\"-1\" target=&quot;_blank&quot;>\n\t\t\t<div class=\"elementor-post__thumbnail\"><img loading=\"lazy\" decoding=\"async\" width=\"2000\" height=\"1500\" src=\"https:\/\/sdb.bo\/sdb\/wp-content\/uploads\/2025\/11\/WhatsApp-Image-2025-11-12-at-9.25.34-AM.jpg\" class=\"attachment-full size-full wp-image-44791\" alt=\"\" srcset=\"https:\/\/sdb.bo\/sdb\/wp-content\/uploads\/2025\/11\/WhatsApp-Image-2025-11-12-at-9.25.34-AM.jpg 2000w, https:\/\/sdb.bo\/sdb\/wp-content\/uploads\/2025\/11\/WhatsApp-Image-2025-11-12-at-9.25.34-AM-300x225.jpg 300w, https:\/\/sdb.bo\/sdb\/wp-content\/uploads\/2025\/11\/WhatsApp-Image-2025-11-12-at-9.25.34-AM-1024x768.jpg 1024w, https:\/\/sdb.bo\/sdb\/wp-content\/uploads\/2025\/11\/WhatsApp-Image-2025-11-12-at-9.25.34-AM-768x576.jpg 768w, https:\/\/sdb.bo\/sdb\/wp-content\/uploads\/2025\/11\/WhatsApp-Image-2025-11-12-at-9.25.34-AM-1536x1152.jpg 1536w\" sizes=\"(max-width: 2000px) 100vw, 2000px\" \/><\/div>\n\t\t<\/a>\n\t\t\t\t<div class=\"elementor-post__text\">\n\t\t\t\t<h3 class=\"elementor-post__title\">\n\t\t\t<a href=\"https:\/\/sdb.bo\/sdb\/2025\/11\/13\/fe-y-mision-en-fiesta-salesianas-oblatas-celebran-140-anos-de-su-fundador-y-40-anos-en-bolivia\/\" target=&quot;_blank&quot;>\n\t\t\t\tFe y Misi\u00f3n en Fiesta: Salesianas Oblatas Celebran 140 A\u00f1os de su Fundador y 40 A\u00f1os en Bolivia\t\t\t<\/a>\n\t\t<\/h3>\n\t\t\t\t<div class=\"elementor-post__meta-data\">\n\t\t\t\t\t<span class=\"elementor-post-date\">\n\t\t\t13\/11\/2025\t\t<\/span>\n\t\t\t\t<\/div>\n\t\t\t\t<div class=\"elementor-post__excerpt\">\n\t\t\t<p>FE Y MISI\u00d3N EN FIESTA: SALESIANAS OBLATAS CELEBRAN 140 A\u00d1OS DE SU FUNDADOR Y 40 A\u00d1OS EN BOLIVIA La comunidad de las Hermanas Salesianas Oblatas<\/p>\n<div class=\"pvc_clear\"><\/div>\n<p class=\"pvc_stats all \" data-element-id=\"44751\" style=\"\"><i class=\"pvc-stats-icon medium\" aria-hidden=\"true\"><svg aria-hidden=\"true\" focusable=\"false\" data-prefix=\"far\" data-icon=\"chart-bar\" role=\"img\" xmlns=\"http:\/\/www.w3.org\/2000\/svg\" viewBox=\"0 0 512 512\" class=\"svg-inline--fa fa-chart-bar fa-w-16 fa-2x\"><path fill=\"currentColor\" d=\"M396.8 352h22.4c6.4 0 12.8-6.4 12.8-12.8V108.8c0-6.4-6.4-12.8-12.8-12.8h-22.4c-6.4 0-12.8 6.4-12.8 12.8v230.4c0 6.4 6.4 12.8 12.8 12.8zm-192 0h22.4c6.4 0 12.8-6.4 12.8-12.8V140.8c0-6.4-6.4-12.8-12.8-12.8h-22.4c-6.4 0-12.8 6.4-12.8 12.8v198.4c0 6.4 6.4 12.8 12.8 12.8zm96 0h22.4c6.4 0 12.8-6.4 12.8-12.8V204.8c0-6.4-6.4-12.8-12.8-12.8h-22.4c-6.4 0-12.8 6.4-12.8 12.8v134.4c0 6.4 6.4 12.8 12.8 12.8zM496 400H48V80c0-8.84-7.16-16-16-16H16C7.16 64 0 71.16 0 80v336c0 17.67 14.33 32 32 32h464c8.84 0 16-7.16 16-16v-16c0-8.84-7.16-16-16-16zm-387.2-48h22.4c6.4 0 12.8-6.4 12.8-12.8v-70.4c0-6.4-6.4-12.8-12.8-12.8h-22.4c-6.4 0-12.8 6.4-12.8 12.8v70.4c0 6.4 6.4 12.8 12.8 12.8z\" class=\"\"><\/path><\/svg><\/i> Total de visitas&nbsp;3,294&nbsp;<\/p>\n<div class=\"pvc_clear\"><\/div>\n\t\t<\/div>\n\t\t\t\t<\/div>\n\t\t\t\t<\/article>\n\t\t\t\t<article class=\"elementor-post elementor-grid-item post-44679 post type-post status-publish format-standard has-post-thumbnail hentry category-inspector\">\n\t\t\t\t<a class=\"elementor-post__thumbnail__link\" href=\"https:\/\/sdb.bo\/sdb\/2025\/11\/08\/gran-celebracion-en-honor-a-la-canonizacion-de-sor-maria-troncatti-la-madrecita-buena\/\" tabindex=\"-1\" target=&quot;_blank&quot;>\n\t\t\t<div class=\"elementor-post__thumbnail\"><img loading=\"lazy\" decoding=\"async\" width=\"2000\" height=\"1333\" src=\"https:\/\/sdb.bo\/sdb\/wp-content\/uploads\/2025\/11\/DSC06377.jpg\" class=\"attachment-full size-full wp-image-44719\" alt=\"\" srcset=\"https:\/\/sdb.bo\/sdb\/wp-content\/uploads\/2025\/11\/DSC06377.jpg 2000w, https:\/\/sdb.bo\/sdb\/wp-content\/uploads\/2025\/11\/DSC06377-300x200.jpg 300w, https:\/\/sdb.bo\/sdb\/wp-content\/uploads\/2025\/11\/DSC06377-1024x682.jpg 1024w, https:\/\/sdb.bo\/sdb\/wp-content\/uploads\/2025\/11\/DSC06377-768x512.jpg 768w, https:\/\/sdb.bo\/sdb\/wp-content\/uploads\/2025\/11\/DSC06377-1536x1024.jpg 1536w\" sizes=\"(max-width: 2000px) 100vw, 2000px\" \/><\/div>\n\t\t<\/a>\n\t\t\t\t<div class=\"elementor-post__text\">\n\t\t\t\t<h3 class=\"elementor-post__title\">\n\t\t\t<a href=\"https:\/\/sdb.bo\/sdb\/2025\/11\/08\/gran-celebracion-en-honor-a-la-canonizacion-de-sor-maria-troncatti-la-madrecita-buena\/\" target=&quot;_blank&quot;>\n\t\t\t\tGran Celebraci\u00f3n en Honor a la canonizaci\u00f3n de Sor Mar\u00eda Troncatti: La Madrecita buena\t\t\t<\/a>\n\t\t<\/h3>\n\t\t\t\t<div class=\"elementor-post__meta-data\">\n\t\t\t\t\t<span class=\"elementor-post-date\">\n\t\t\t08\/11\/2025\t\t<\/span>\n\t\t\t\t<\/div>\n\t\t\t\t<div class=\"elementor-post__excerpt\">\n\t\t\t<p>GRAN CELEBRACI\u00d3N EN HONOR A LA CANONIZACI\u00d3N DE SOR MAR\u00cdA TRONCATTI: LA MADRECITA BUENA El Instituto de las Hijas de Mar\u00eda Auxiliadora (FMA) se visti\u00f3<\/p>\n<div class=\"pvc_clear\"><\/div>\n<p class=\"pvc_stats all \" data-element-id=\"44679\" style=\"\"><i class=\"pvc-stats-icon medium\" aria-hidden=\"true\"><svg aria-hidden=\"true\" focusable=\"false\" data-prefix=\"far\" data-icon=\"chart-bar\" role=\"img\" xmlns=\"http:\/\/www.w3.org\/2000\/svg\" viewBox=\"0 0 512 512\" class=\"svg-inline--fa fa-chart-bar fa-w-16 fa-2x\"><path fill=\"currentColor\" d=\"M396.8 352h22.4c6.4 0 12.8-6.4 12.8-12.8V108.8c0-6.4-6.4-12.8-12.8-12.8h-22.4c-6.4 0-12.8 6.4-12.8 12.8v230.4c0 6.4 6.4 12.8 12.8 12.8zm-192 0h22.4c6.4 0 12.8-6.4 12.8-12.8V140.8c0-6.4-6.4-12.8-12.8-12.8h-22.4c-6.4 0-12.8 6.4-12.8 12.8v198.4c0 6.4 6.4 12.8 12.8 12.8zm96 0h22.4c6.4 0 12.8-6.4 12.8-12.8V204.8c0-6.4-6.4-12.8-12.8-12.8h-22.4c-6.4 0-12.8 6.4-12.8 12.8v134.4c0 6.4 6.4 12.8 12.8 12.8zM496 400H48V80c0-8.84-7.16-16-16-16H16C7.16 64 0 71.16 0 80v336c0 17.67 14.33 32 32 32h464c8.84 0 16-7.16 16-16v-16c0-8.84-7.16-16-16-16zm-387.2-48h22.4c6.4 0 12.8-6.4 12.8-12.8v-70.4c0-6.4-6.4-12.8-12.8-12.8h-22.4c-6.4 0-12.8 6.4-12.8 12.8v70.4c0 6.4 6.4 12.8 12.8 12.8z\" class=\"\"><\/path><\/svg><\/i> Total de visitas&nbsp;2,182&nbsp;<\/p>\n<div class=\"pvc_clear\"><\/div>\n\t\t<\/div>\n\t\t\t\t<\/div>\n\t\t\t\t<\/article>\n\t\t\t\t<article class=\"elementor-post elementor-grid-item post-44655 post type-post status-publish format-standard has-post-thumbnail hentry category-inspector\">\n\t\t\t\t<a class=\"elementor-post__thumbnail__link\" href=\"https:\/\/sdb.bo\/sdb\/2025\/10\/30\/encuentro-nacional-de-juntas-escolares-de-escuelas-populares-don-bosco\/\" tabindex=\"-1\" target=&quot;_blank&quot;>\n\t\t\t<div class=\"elementor-post__thumbnail\"><img loading=\"lazy\" decoding=\"async\" width=\"2000\" height=\"1333\" src=\"https:\/\/sdb.bo\/sdb\/wp-content\/uploads\/2025\/10\/DSC06037.jpg\" class=\"attachment-full size-full wp-image-44666\" alt=\"\" srcset=\"https:\/\/sdb.bo\/sdb\/wp-content\/uploads\/2025\/10\/DSC06037.jpg 2000w, https:\/\/sdb.bo\/sdb\/wp-content\/uploads\/2025\/10\/DSC06037-300x200.jpg 300w, https:\/\/sdb.bo\/sdb\/wp-content\/uploads\/2025\/10\/DSC06037-1024x682.jpg 1024w, https:\/\/sdb.bo\/sdb\/wp-content\/uploads\/2025\/10\/DSC06037-768x512.jpg 768w, https:\/\/sdb.bo\/sdb\/wp-content\/uploads\/2025\/10\/DSC06037-1536x1024.jpg 1536w\" sizes=\"(max-width: 2000px) 100vw, 2000px\" \/><\/div>\n\t\t<\/a>\n\t\t\t\t<div class=\"elementor-post__text\">\n\t\t\t\t<h3 class=\"elementor-post__title\">\n\t\t\t<a href=\"https:\/\/sdb.bo\/sdb\/2025\/10\/30\/encuentro-nacional-de-juntas-escolares-de-escuelas-populares-don-bosco\/\" target=&quot;_blank&quot;>\n\t\t\t\tEncuentro Nacional de Juntas Escolares de Escuelas Populares Don Bosco\t\t\t<\/a>\n\t\t<\/h3>\n\t\t\t\t<div class=\"elementor-post__meta-data\">\n\t\t\t\t\t<span class=\"elementor-post-date\">\n\t\t\t30\/10\/2025\t\t<\/span>\n\t\t\t\t<\/div>\n\t\t\t\t<div class=\"elementor-post__excerpt\">\n\t\t\t<p>ENCUENTRO NACIONAL DE JUNTAS ESCOLARES DE ESCUELAS POPULARES DON BOSCO Los d\u00edas 24 y 25 de octubre, la ciudad de Cochabamba fue sede del Encuentro<\/p>\n<div class=\"pvc_clear\"><\/div>\n<p class=\"pvc_stats all \" data-element-id=\"44655\" style=\"\"><i class=\"pvc-stats-icon medium\" aria-hidden=\"true\"><svg aria-hidden=\"true\" focusable=\"false\" data-prefix=\"far\" data-icon=\"chart-bar\" role=\"img\" xmlns=\"http:\/\/www.w3.org\/2000\/svg\" viewBox=\"0 0 512 512\" class=\"svg-inline--fa fa-chart-bar fa-w-16 fa-2x\"><path fill=\"currentColor\" d=\"M396.8 352h22.4c6.4 0 12.8-6.4 12.8-12.8V108.8c0-6.4-6.4-12.8-12.8-12.8h-22.4c-6.4 0-12.8 6.4-12.8 12.8v230.4c0 6.4 6.4 12.8 12.8 12.8zm-192 0h22.4c6.4 0 12.8-6.4 12.8-12.8V140.8c0-6.4-6.4-12.8-12.8-12.8h-22.4c-6.4 0-12.8 6.4-12.8 12.8v198.4c0 6.4 6.4 12.8 12.8 12.8zm96 0h22.4c6.4 0 12.8-6.4 12.8-12.8V204.8c0-6.4-6.4-12.8-12.8-12.8h-22.4c-6.4 0-12.8 6.4-12.8 12.8v134.4c0 6.4 6.4 12.8 12.8 12.8zM496 400H48V80c0-8.84-7.16-16-16-16H16C7.16 64 0 71.16 0 80v336c0 17.67 14.33 32 32 32h464c8.84 0 16-7.16 16-16v-16c0-8.84-7.16-16-16-16zm-387.2-48h22.4c6.4 0 12.8-6.4 12.8-12.8v-70.4c0-6.4-6.4-12.8-12.8-12.8h-22.4c-6.4 0-12.8 6.4-12.8 12.8v70.4c0 6.4 6.4 12.8 12.8 12.8z\" class=\"\"><\/path><\/svg><\/i> Total de visitas&nbsp;1,631&nbsp;<\/p>\n<div class=\"pvc_clear\"><\/div>\n\t\t<\/div>\n\t\t\t\t<\/div>\n\t\t\t\t<\/article>\n\t\t\t\t<article class=\"elementor-post elementor-grid-item post-44548 post type-post status-publish format-standard has-post-thumbnail hentry category-inspector\">\n\t\t\t\t<a class=\"elementor-post__thumbnail__link\" href=\"https:\/\/sdb.bo\/sdb\/2025\/10\/28\/encuentro-formativo-celebrativo-de-catequistas-misioneros-salesianos-en-cochabamba\/\" tabindex=\"-1\" target=&quot;_blank&quot;>\n\t\t\t<div class=\"elementor-post__thumbnail\"><img loading=\"lazy\" decoding=\"async\" width=\"2000\" height=\"1333\" src=\"https:\/\/sdb.bo\/sdb\/wp-content\/uploads\/2025\/10\/DSC06152.jpg\" class=\"attachment-full size-full wp-image-44605\" alt=\"\" srcset=\"https:\/\/sdb.bo\/sdb\/wp-content\/uploads\/2025\/10\/DSC06152.jpg 2000w, https:\/\/sdb.bo\/sdb\/wp-content\/uploads\/2025\/10\/DSC06152-300x200.jpg 300w, https:\/\/sdb.bo\/sdb\/wp-content\/uploads\/2025\/10\/DSC06152-1024x682.jpg 1024w, https:\/\/sdb.bo\/sdb\/wp-content\/uploads\/2025\/10\/DSC06152-768x512.jpg 768w, https:\/\/sdb.bo\/sdb\/wp-content\/uploads\/2025\/10\/DSC06152-1536x1024.jpg 1536w\" sizes=\"(max-width: 2000px) 100vw, 2000px\" \/><\/div>\n\t\t<\/a>\n\t\t\t\t<div class=\"elementor-post__text\">\n\t\t\t\t<h3 class=\"elementor-post__title\">\n\t\t\t<a href=\"https:\/\/sdb.bo\/sdb\/2025\/10\/28\/encuentro-formativo-celebrativo-de-catequistas-misioneros-salesianos-en-cochabamba\/\" target=&quot;_blank&quot;>\n\t\t\t\tEncuentro formativo-celebrativo de Catequistas Misioneros Salesianos en Cochabamba\t\t\t<\/a>\n\t\t<\/h3>\n\t\t\t\t<div class=\"elementor-post__meta-data\">\n\t\t\t\t\t<span class=\"elementor-post-date\">\n\t\t\t28\/10\/2025\t\t<\/span>\n\t\t\t\t<\/div>\n\t\t\t\t<div class=\"elementor-post__excerpt\">\n\t\t\t<p>ENCUENTRO FORMATIVO-CELEBRATIVO DE CATEQUISTAS MISIONEROS SALESIANOS EN COCHABAMBA El jueves 23 de octubre, la ciudad de Cochabamba fue sede de un significativo encuentro formativo que<\/p>\n<div class=\"pvc_clear\"><\/div>\n<p class=\"pvc_stats all \" data-element-id=\"44548\" style=\"\"><i class=\"pvc-stats-icon medium\" aria-hidden=\"true\"><svg aria-hidden=\"true\" focusable=\"false\" data-prefix=\"far\" data-icon=\"chart-bar\" role=\"img\" xmlns=\"http:\/\/www.w3.org\/2000\/svg\" viewBox=\"0 0 512 512\" class=\"svg-inline--fa fa-chart-bar fa-w-16 fa-2x\"><path fill=\"currentColor\" d=\"M396.8 352h22.4c6.4 0 12.8-6.4 12.8-12.8V108.8c0-6.4-6.4-12.8-12.8-12.8h-22.4c-6.4 0-12.8 6.4-12.8 12.8v230.4c0 6.4 6.4 12.8 12.8 12.8zm-192 0h22.4c6.4 0 12.8-6.4 12.8-12.8V140.8c0-6.4-6.4-12.8-12.8-12.8h-22.4c-6.4 0-12.8 6.4-12.8 12.8v198.4c0 6.4 6.4 12.8 12.8 12.8zm96 0h22.4c6.4 0 12.8-6.4 12.8-12.8V204.8c0-6.4-6.4-12.8-12.8-12.8h-22.4c-6.4 0-12.8 6.4-12.8 12.8v134.4c0 6.4 6.4 12.8 12.8 12.8zM496 400H48V80c0-8.84-7.16-16-16-16H16C7.16 64 0 71.16 0 80v336c0 17.67 14.33 32 32 32h464c8.84 0 16-7.16 16-16v-16c0-8.84-7.16-16-16-16zm-387.2-48h22.4c6.4 0 12.8-6.4 12.8-12.8v-70.4c0-6.4-6.4-12.8-12.8-12.8h-22.4c-6.4 0-12.8 6.4-12.8 12.8v70.4c0 6.4 6.4 12.8 12.8 12.8z\" class=\"\"><\/path><\/svg><\/i> Total de visitas&nbsp;1,602&nbsp;<\/p>\n<div class=\"pvc_clear\"><\/div>\n\t\t<\/div>\n\t\t\t\t<\/div>\n\t\t\t\t<\/article>\n\t\t\t\t<article class=\"elementor-post elementor-grid-item post-44500 post type-post status-publish format-standard has-post-thumbnail hentry category-inspector\">\n\t\t\t\t<a class=\"elementor-post__thumbnail__link\" href=\"https:\/\/sdb.bo\/sdb\/2025\/10\/21\/directores-salesianos-de-bolivia-fortalecen-su-identidad-consagrada-en-segunda-reunion-inspectorial\/\" tabindex=\"-1\" target=&quot;_blank&quot;>\n\t\t\t<div class=\"elementor-post__thumbnail\"><img loading=\"lazy\" decoding=\"async\" width=\"2000\" height=\"1333\" src=\"https:\/\/sdb.bo\/sdb\/wp-content\/uploads\/2025\/10\/DSC05888.jpg\" class=\"attachment-full size-full wp-image-44512\" alt=\"\" srcset=\"https:\/\/sdb.bo\/sdb\/wp-content\/uploads\/2025\/10\/DSC05888.jpg 2000w, https:\/\/sdb.bo\/sdb\/wp-content\/uploads\/2025\/10\/DSC05888-300x200.jpg 300w, https:\/\/sdb.bo\/sdb\/wp-content\/uploads\/2025\/10\/DSC05888-1024x682.jpg 1024w, https:\/\/sdb.bo\/sdb\/wp-content\/uploads\/2025\/10\/DSC05888-768x512.jpg 768w, https:\/\/sdb.bo\/sdb\/wp-content\/uploads\/2025\/10\/DSC05888-1536x1024.jpg 1536w\" sizes=\"(max-width: 2000px) 100vw, 2000px\" \/><\/div>\n\t\t<\/a>\n\t\t\t\t<div class=\"elementor-post__text\">\n\t\t\t\t<h3 class=\"elementor-post__title\">\n\t\t\t<a href=\"https:\/\/sdb.bo\/sdb\/2025\/10\/21\/directores-salesianos-de-bolivia-fortalecen-su-identidad-consagrada-en-segunda-reunion-inspectorial\/\" target=&quot;_blank&quot;>\n\t\t\t\tDIRECTORES SALESIANOS DE BOLIVIA FORTALECEN SU IDENTIDAD CONSAGRADA EN SEGUNDA REUNI\u00d3N INSPECTORIAL\t\t\t<\/a>\n\t\t<\/h3>\n\t\t\t\t<div class=\"elementor-post__meta-data\">\n\t\t\t\t\t<span class=\"elementor-post-date\">\n\t\t\t21\/10\/2025\t\t<\/span>\n\t\t\t\t<\/div>\n\t\t\t\t<div class=\"elementor-post__excerpt\">\n\t\t\t<p>DIRECTORES SALESIANOS DE BOLIVIA FORTALECEN SU IDENTIDAD CONSAGRADA EN SEGUNDA REUNI\u00d3N INSPECTORIAL Los directores de las diferentes obras de la Inspector\u00eda Salesiana de Bolivia se<\/p>\n<div class=\"pvc_clear\"><\/div>\n<p class=\"pvc_stats all \" data-element-id=\"44500\" style=\"\"><i class=\"pvc-stats-icon medium\" aria-hidden=\"true\"><svg aria-hidden=\"true\" focusable=\"false\" data-prefix=\"far\" data-icon=\"chart-bar\" role=\"img\" xmlns=\"http:\/\/www.w3.org\/2000\/svg\" viewBox=\"0 0 512 512\" class=\"svg-inline--fa fa-chart-bar fa-w-16 fa-2x\"><path fill=\"currentColor\" d=\"M396.8 352h22.4c6.4 0 12.8-6.4 12.8-12.8V108.8c0-6.4-6.4-12.8-12.8-12.8h-22.4c-6.4 0-12.8 6.4-12.8 12.8v230.4c0 6.4 6.4 12.8 12.8 12.8zm-192 0h22.4c6.4 0 12.8-6.4 12.8-12.8V140.8c0-6.4-6.4-12.8-12.8-12.8h-22.4c-6.4 0-12.8 6.4-12.8 12.8v198.4c0 6.4 6.4 12.8 12.8 12.8zm96 0h22.4c6.4 0 12.8-6.4 12.8-12.8V204.8c0-6.4-6.4-12.8-12.8-12.8h-22.4c-6.4 0-12.8 6.4-12.8 12.8v134.4c0 6.4 6.4 12.8 12.8 12.8zM496 400H48V80c0-8.84-7.16-16-16-16H16C7.16 64 0 71.16 0 80v336c0 17.67 14.33 32 32 32h464c8.84 0 16-7.16 16-16v-16c0-8.84-7.16-16-16-16zm-387.2-48h22.4c6.4 0 12.8-6.4 12.8-12.8v-70.4c0-6.4-6.4-12.8-12.8-12.8h-22.4c-6.4 0-12.8 6.4-12.8 12.8v70.4c0 6.4 6.4 12.8 12.8 12.8z\" class=\"\"><\/path><\/svg><\/i> Total de visitas&nbsp;1,854&nbsp;<\/p>\n<div class=\"pvc_clear\"><\/div>\n\t\t<\/div>\n\t\t\t\t<\/div>\n\t\t\t\t<\/article>\n\t\t\t\t<article class=\"elementor-post elementor-grid-item post-44328 post type-post status-publish format-standard has-post-thumbnail hentry category-inspector\">\n\t\t\t\t<a class=\"elementor-post__thumbnail__link\" href=\"https:\/\/sdb.bo\/sdb\/2025\/10\/09\/35-anos-de-escuelas-populares-don-bosco-un-legado-de-educacion-y-transformacion\/\" tabindex=\"-1\" target=&quot;_blank&quot;>\n\t\t\t<div class=\"elementor-post__thumbnail\"><img loading=\"lazy\" decoding=\"async\" width=\"2000\" height=\"1333\" src=\"https:\/\/sdb.bo\/sdb\/wp-content\/uploads\/2025\/10\/DSC05774.jpg\" class=\"attachment-full size-full wp-image-44482\" alt=\"\" srcset=\"https:\/\/sdb.bo\/sdb\/wp-content\/uploads\/2025\/10\/DSC05774.jpg 2000w, https:\/\/sdb.bo\/sdb\/wp-content\/uploads\/2025\/10\/DSC05774-300x200.jpg 300w, https:\/\/sdb.bo\/sdb\/wp-content\/uploads\/2025\/10\/DSC05774-1024x682.jpg 1024w, https:\/\/sdb.bo\/sdb\/wp-content\/uploads\/2025\/10\/DSC05774-768x512.jpg 768w, https:\/\/sdb.bo\/sdb\/wp-content\/uploads\/2025\/10\/DSC05774-1536x1024.jpg 1536w\" sizes=\"(max-width: 2000px) 100vw, 2000px\" \/><\/div>\n\t\t<\/a>\n\t\t\t\t<div class=\"elementor-post__text\">\n\t\t\t\t<h3 class=\"elementor-post__title\">\n\t\t\t<a href=\"https:\/\/sdb.bo\/sdb\/2025\/10\/09\/35-anos-de-escuelas-populares-don-bosco-un-legado-de-educacion-y-transformacion\/\" target=&quot;_blank&quot;>\n\t\t\t\t35 A\u00d1OS DE ESCUELAS POPULARES DON BOSCO: UN LEGADO DE EDUCACI\u00d3N Y TRANSFORMACI\u00d3N\t\t\t<\/a>\n\t\t<\/h3>\n\t\t\t\t<div class=\"elementor-post__meta-data\">\n\t\t\t\t\t<span class=\"elementor-post-date\">\n\t\t\t09\/10\/2025\t\t<\/span>\n\t\t\t\t<\/div>\n\t\t\t\t<div class=\"elementor-post__excerpt\">\n\t\t\t<p>35 A\u00d1OS DE ESCUELAS POPULARES DON BOSCO: UN LEGADO DE EDUCACI\u00d3N Y TRANSFORMACI\u00d3N Para conmemorar sus 35 a\u00f1os de vida y servicio a la educaci\u00f3n<\/p>\n<div class=\"pvc_clear\"><\/div>\n<p class=\"pvc_stats all \" data-element-id=\"44328\" style=\"\"><i class=\"pvc-stats-icon medium\" aria-hidden=\"true\"><svg aria-hidden=\"true\" focusable=\"false\" data-prefix=\"far\" data-icon=\"chart-bar\" role=\"img\" xmlns=\"http:\/\/www.w3.org\/2000\/svg\" viewBox=\"0 0 512 512\" class=\"svg-inline--fa fa-chart-bar fa-w-16 fa-2x\"><path fill=\"currentColor\" d=\"M396.8 352h22.4c6.4 0 12.8-6.4 12.8-12.8V108.8c0-6.4-6.4-12.8-12.8-12.8h-22.4c-6.4 0-12.8 6.4-12.8 12.8v230.4c0 6.4 6.4 12.8 12.8 12.8zm-192 0h22.4c6.4 0 12.8-6.4 12.8-12.8V140.8c0-6.4-6.4-12.8-12.8-12.8h-22.4c-6.4 0-12.8 6.4-12.8 12.8v198.4c0 6.4 6.4 12.8 12.8 12.8zm96 0h22.4c6.4 0 12.8-6.4 12.8-12.8V204.8c0-6.4-6.4-12.8-12.8-12.8h-22.4c-6.4 0-12.8 6.4-12.8 12.8v134.4c0 6.4 6.4 12.8 12.8 12.8zM496 400H48V80c0-8.84-7.16-16-16-16H16C7.16 64 0 71.16 0 80v336c0 17.67 14.33 32 32 32h464c8.84 0 16-7.16 16-16v-16c0-8.84-7.16-16-16-16zm-387.2-48h22.4c6.4 0 12.8-6.4 12.8-12.8v-70.4c0-6.4-6.4-12.8-12.8-12.8h-22.4c-6.4 0-12.8 6.4-12.8 12.8v70.4c0 6.4 6.4 12.8 12.8 12.8z\" class=\"\"><\/path><\/svg><\/i> Total de visitas&nbsp;2,302&nbsp;<\/p>\n<div class=\"pvc_clear\"><\/div>\n\t\t<\/div>\n\t\t\t\t<\/div>\n\t\t\t\t<\/article>\n\t\t\t\t<article class=\"elementor-post elementor-grid-item post-44296 post type-post status-publish format-standard has-post-thumbnail hentry category-inspector\">\n\t\t\t\t<a class=\"elementor-post__thumbnail__link\" href=\"https:\/\/sdb.bo\/sdb\/2025\/09\/25\/basilica-de-maria-auxiliadora-de-la-paz\/\" tabindex=\"-1\" target=&quot;_blank&quot;>\n\t\t\t<div class=\"elementor-post__thumbnail\"><img loading=\"lazy\" decoding=\"async\" width=\"768\" height=\"1239\" src=\"https:\/\/sdb.bo\/sdb\/wp-content\/uploads\/2025\/09\/Gemini_Generated_Image_rkdhrfrkdhrfrkdh.png\" class=\"attachment-full size-full wp-image-44311\" alt=\"\" srcset=\"https:\/\/sdb.bo\/sdb\/wp-content\/uploads\/2025\/09\/Gemini_Generated_Image_rkdhrfrkdhrfrkdh.png 768w, https:\/\/sdb.bo\/sdb\/wp-content\/uploads\/2025\/09\/Gemini_Generated_Image_rkdhrfrkdhrfrkdh-186x300.png 186w, https:\/\/sdb.bo\/sdb\/wp-content\/uploads\/2025\/09\/Gemini_Generated_Image_rkdhrfrkdhrfrkdh-635x1024.png 635w\" sizes=\"(max-width: 768px) 100vw, 768px\" \/><\/div>\n\t\t<\/a>\n\t\t\t\t<div class=\"elementor-post__text\">\n\t\t\t\t<h3 class=\"elementor-post__title\">\n\t\t\t<a href=\"https:\/\/sdb.bo\/sdb\/2025\/09\/25\/basilica-de-maria-auxiliadora-de-la-paz\/\" target=&quot;_blank&quot;>\n\t\t\t\t25 A\u00d1OS DE LA PROCLAMACI\u00d3N COMO BAS\u00cdLICA DE LA PARROQUIA MAR\u00cdA AUXILIADORA\t\t\t<\/a>\n\t\t<\/h3>\n\t\t\t\t<div class=\"elementor-post__meta-data\">\n\t\t\t\t\t<span class=\"elementor-post-date\">\n\t\t\t25\/09\/2025\t\t<\/span>\n\t\t\t\t<\/div>\n\t\t\t\t<div class=\"elementor-post__excerpt\">\n\t\t\t<p>BAS\u00cdLICA DE MAR\u00cdA AUXILIADORA DE LA PAZ Recordando los 25 a\u00f1os de proclamaci\u00f3n de BASILICA \u00a0\u00a0\u00a0\u00a0\u00a0\u00a0\u00a0\u00a0 La Bas\u00edlica menor de Mar\u00eda Auxiliadora es un templo<\/p>\n<div class=\"pvc_clear\"><\/div>\n<p class=\"pvc_stats all \" data-element-id=\"44296\" style=\"\"><i class=\"pvc-stats-icon medium\" aria-hidden=\"true\"><svg aria-hidden=\"true\" focusable=\"false\" data-prefix=\"far\" data-icon=\"chart-bar\" role=\"img\" xmlns=\"http:\/\/www.w3.org\/2000\/svg\" viewBox=\"0 0 512 512\" class=\"svg-inline--fa fa-chart-bar fa-w-16 fa-2x\"><path fill=\"currentColor\" d=\"M396.8 352h22.4c6.4 0 12.8-6.4 12.8-12.8V108.8c0-6.4-6.4-12.8-12.8-12.8h-22.4c-6.4 0-12.8 6.4-12.8 12.8v230.4c0 6.4 6.4 12.8 12.8 12.8zm-192 0h22.4c6.4 0 12.8-6.4 12.8-12.8V140.8c0-6.4-6.4-12.8-12.8-12.8h-22.4c-6.4 0-12.8 6.4-12.8 12.8v198.4c0 6.4 6.4 12.8 12.8 12.8zm96 0h22.4c6.4 0 12.8-6.4 12.8-12.8V204.8c0-6.4-6.4-12.8-12.8-12.8h-22.4c-6.4 0-12.8 6.4-12.8 12.8v134.4c0 6.4 6.4 12.8 12.8 12.8zM496 400H48V80c0-8.84-7.16-16-16-16H16C7.16 64 0 71.16 0 80v336c0 17.67 14.33 32 32 32h464c8.84 0 16-7.16 16-16v-16c0-8.84-7.16-16-16-16zm-387.2-48h22.4c6.4 0 12.8-6.4 12.8-12.8v-70.4c0-6.4-6.4-12.8-12.8-12.8h-22.4c-6.4 0-12.8 6.4-12.8 12.8v70.4c0 6.4 6.4 12.8 12.8 12.8z\" class=\"\"><\/path><\/svg><\/i> Total de visitas&nbsp;3,132&nbsp;<\/p>\n<div class=\"pvc_clear\"><\/div>\n\t\t<\/div>\n\t\t\t\t<\/div>\n\t\t\t\t<\/article>\n\t\t\t\t<article class=\"elementor-post elementor-grid-item post-44272 post type-post status-publish format-standard has-post-thumbnail hentry category-inspector\">\n\t\t\t\t<a class=\"elementor-post__thumbnail__link\" href=\"https:\/\/sdb.bo\/sdb\/2025\/09\/22\/universidad-salesiana-de-bolivia-proyecta-futuro-con-mirada-internacional\/\" tabindex=\"-1\" target=&quot;_blank&quot;>\n\t\t\t<div class=\"elementor-post__thumbnail\"><img loading=\"lazy\" decoding=\"async\" width=\"1427\" height=\"1066\" src=\"https:\/\/sdb.bo\/sdb\/wp-content\/uploads\/2025\/09\/WhatsApp-Image-2025-09-22-at-3.41.14-PM.jpeg\" class=\"attachment-full size-full wp-image-44275\" alt=\"\" srcset=\"https:\/\/sdb.bo\/sdb\/wp-content\/uploads\/2025\/09\/WhatsApp-Image-2025-09-22-at-3.41.14-PM.jpeg 1427w, https:\/\/sdb.bo\/sdb\/wp-content\/uploads\/2025\/09\/WhatsApp-Image-2025-09-22-at-3.41.14-PM-300x224.jpeg 300w, https:\/\/sdb.bo\/sdb\/wp-content\/uploads\/2025\/09\/WhatsApp-Image-2025-09-22-at-3.41.14-PM-1024x765.jpeg 1024w, https:\/\/sdb.bo\/sdb\/wp-content\/uploads\/2025\/09\/WhatsApp-Image-2025-09-22-at-3.41.14-PM-768x574.jpeg 768w\" sizes=\"(max-width: 1427px) 100vw, 1427px\" \/><\/div>\n\t\t<\/a>\n\t\t\t\t<div class=\"elementor-post__text\">\n\t\t\t\t<h3 class=\"elementor-post__title\">\n\t\t\t<a href=\"https:\/\/sdb.bo\/sdb\/2025\/09\/22\/universidad-salesiana-de-bolivia-proyecta-futuro-con-mirada-internacional\/\" target=&quot;_blank&quot;>\n\t\t\t\tUniversidad Salesiana de Bolivia proyecta futuro con mirada internacional\t\t\t<\/a>\n\t\t<\/h3>\n\t\t\t\t<div class=\"elementor-post__meta-data\">\n\t\t\t\t\t<span class=\"elementor-post-date\">\n\t\t\t22\/09\/2025\t\t<\/span>\n\t\t\t\t<\/div>\n\t\t\t\t<div class=\"elementor-post__excerpt\">\n\t\t\t<p>UNIVERSIDAD SALESIANA DE BOLIVIA PROYECTA FUTURO CON MIRADA INTERNACIONAL La Universidad Salesiana de Bolivia recibi\u00f3 la visita del P. George Thadathil, Delegado Mundial de las<\/p>\n<div class=\"pvc_clear\"><\/div>\n<p class=\"pvc_stats all \" data-element-id=\"44272\" style=\"\"><i class=\"pvc-stats-icon medium\" aria-hidden=\"true\"><svg aria-hidden=\"true\" focusable=\"false\" data-prefix=\"far\" data-icon=\"chart-bar\" role=\"img\" xmlns=\"http:\/\/www.w3.org\/2000\/svg\" viewBox=\"0 0 512 512\" class=\"svg-inline--fa fa-chart-bar fa-w-16 fa-2x\"><path fill=\"currentColor\" d=\"M396.8 352h22.4c6.4 0 12.8-6.4 12.8-12.8V108.8c0-6.4-6.4-12.8-12.8-12.8h-22.4c-6.4 0-12.8 6.4-12.8 12.8v230.4c0 6.4 6.4 12.8 12.8 12.8zm-192 0h22.4c6.4 0 12.8-6.4 12.8-12.8V140.8c0-6.4-6.4-12.8-12.8-12.8h-22.4c-6.4 0-12.8 6.4-12.8 12.8v198.4c0 6.4 6.4 12.8 12.8 12.8zm96 0h22.4c6.4 0 12.8-6.4 12.8-12.8V204.8c0-6.4-6.4-12.8-12.8-12.8h-22.4c-6.4 0-12.8 6.4-12.8 12.8v134.4c0 6.4 6.4 12.8 12.8 12.8zM496 400H48V80c0-8.84-7.16-16-16-16H16C7.16 64 0 71.16 0 80v336c0 17.67 14.33 32 32 32h464c8.84 0 16-7.16 16-16v-16c0-8.84-7.16-16-16-16zm-387.2-48h22.4c6.4 0 12.8-6.4 12.8-12.8v-70.4c0-6.4-6.4-12.8-12.8-12.8h-22.4c-6.4 0-12.8 6.4-12.8 12.8v70.4c0 6.4 6.4 12.8 12.8 12.8z\" class=\"\"><\/path><\/svg><\/i> Total de visitas&nbsp;2,686&nbsp;<\/p>\n<div class=\"pvc_clear\"><\/div>\n\t\t<\/div>\n\t\t\t\t<\/div>\n\t\t\t\t<\/article>\n\t\t\t\t<article class=\"elementor-post elementor-grid-item post-44254 post type-post status-publish format-standard has-post-thumbnail hentry category-inspector\">\n\t\t\t\t<a class=\"elementor-post__thumbnail__link\" href=\"https:\/\/sdb.bo\/sdb\/2025\/09\/22\/encuentro-de-directores-sdb-administradores-y-contadores\/\" tabindex=\"-1\" target=&quot;_blank&quot;>\n\t\t\t<div class=\"elementor-post__thumbnail\"><img loading=\"lazy\" decoding=\"async\" width=\"2000\" height=\"1333\" src=\"https:\/\/sdb.bo\/sdb\/wp-content\/uploads\/2025\/09\/DSC05143.jpg\" class=\"attachment-full size-full wp-image-44268\" alt=\"\" srcset=\"https:\/\/sdb.bo\/sdb\/wp-content\/uploads\/2025\/09\/DSC05143.jpg 2000w, https:\/\/sdb.bo\/sdb\/wp-content\/uploads\/2025\/09\/DSC05143-300x200.jpg 300w, https:\/\/sdb.bo\/sdb\/wp-content\/uploads\/2025\/09\/DSC05143-1024x682.jpg 1024w, https:\/\/sdb.bo\/sdb\/wp-content\/uploads\/2025\/09\/DSC05143-768x512.jpg 768w, https:\/\/sdb.bo\/sdb\/wp-content\/uploads\/2025\/09\/DSC05143-1536x1024.jpg 1536w\" sizes=\"(max-width: 2000px) 100vw, 2000px\" \/><\/div>\n\t\t<\/a>\n\t\t\t\t<div class=\"elementor-post__text\">\n\t\t\t\t<h3 class=\"elementor-post__title\">\n\t\t\t<a href=\"https:\/\/sdb.bo\/sdb\/2025\/09\/22\/encuentro-de-directores-sdb-administradores-y-contadores\/\" target=&quot;_blank&quot;>\n\t\t\t\tEncuentro de Directores SDB, Administradores y Contadores\t\t\t<\/a>\n\t\t<\/h3>\n\t\t\t\t<div class=\"elementor-post__meta-data\">\n\t\t\t\t\t<span class=\"elementor-post-date\">\n\t\t\t22\/09\/2025\t\t<\/span>\n\t\t\t\t<\/div>\n\t\t\t\t<div class=\"elementor-post__excerpt\">\n\t\t\t<p>ENCUENTRO DE DIRECTORES SDB, ADMINISTRADORES Y CONTADORES Con gran entusiasmo se llev\u00f3 adelante el Encuentro de Directores SDB, Administradores y Contadores 2025, los d\u00edas 18<\/p>\n<div class=\"pvc_clear\"><\/div>\n<p class=\"pvc_stats all \" data-element-id=\"44254\" style=\"\"><i class=\"pvc-stats-icon medium\" aria-hidden=\"true\"><svg aria-hidden=\"true\" focusable=\"false\" data-prefix=\"far\" data-icon=\"chart-bar\" role=\"img\" xmlns=\"http:\/\/www.w3.org\/2000\/svg\" viewBox=\"0 0 512 512\" class=\"svg-inline--fa fa-chart-bar fa-w-16 fa-2x\"><path fill=\"currentColor\" d=\"M396.8 352h22.4c6.4 0 12.8-6.4 12.8-12.8V108.8c0-6.4-6.4-12.8-12.8-12.8h-22.4c-6.4 0-12.8 6.4-12.8 12.8v230.4c0 6.4 6.4 12.8 12.8 12.8zm-192 0h22.4c6.4 0 12.8-6.4 12.8-12.8V140.8c0-6.4-6.4-12.8-12.8-12.8h-22.4c-6.4 0-12.8 6.4-12.8 12.8v198.4c0 6.4 6.4 12.8 12.8 12.8zm96 0h22.4c6.4 0 12.8-6.4 12.8-12.8V204.8c0-6.4-6.4-12.8-12.8-12.8h-22.4c-6.4 0-12.8 6.4-12.8 12.8v134.4c0 6.4 6.4 12.8 12.8 12.8zM496 400H48V80c0-8.84-7.16-16-16-16H16C7.16 64 0 71.16 0 80v336c0 17.67 14.33 32 32 32h464c8.84 0 16-7.16 16-16v-16c0-8.84-7.16-16-16-16zm-387.2-48h22.4c6.4 0 12.8-6.4 12.8-12.8v-70.4c0-6.4-6.4-12.8-12.8-12.8h-22.4c-6.4 0-12.8 6.4-12.8 12.8v70.4c0 6.4 6.4 12.8 12.8 12.8z\" class=\"\"><\/path><\/svg><\/i> Total de visitas&nbsp;1,867&nbsp;<\/p>\n<div class=\"pvc_clear\"><\/div>\n\t\t<\/div>\n\t\t\t\t<\/div>\n\t\t\t\t<\/article>\n\t\t\t\t<article class=\"elementor-post elementor-grid-item post-44178 post type-post status-publish format-standard has-post-thumbnail hentry category-inspector\">\n\t\t\t\t<a class=\"elementor-post__thumbnail__link\" href=\"https:\/\/sdb.bo\/sdb\/2025\/09\/19\/4to-encuentro-valdocco-jovenes-a-la-luz-de-nuevos-desafios\/\" tabindex=\"-1\" target=&quot;_blank&quot;>\n\t\t\t<div class=\"elementor-post__thumbnail\"><img loading=\"lazy\" decoding=\"async\" width=\"2000\" height=\"1143\" src=\"https:\/\/sdb.bo\/sdb\/wp-content\/uploads\/2025\/09\/DSC05101.jpg\" class=\"attachment-full size-full wp-image-44248\" alt=\"\" srcset=\"https:\/\/sdb.bo\/sdb\/wp-content\/uploads\/2025\/09\/DSC05101.jpg 2000w, https:\/\/sdb.bo\/sdb\/wp-content\/uploads\/2025\/09\/DSC05101-300x171.jpg 300w, https:\/\/sdb.bo\/sdb\/wp-content\/uploads\/2025\/09\/DSC05101-1024x585.jpg 1024w, https:\/\/sdb.bo\/sdb\/wp-content\/uploads\/2025\/09\/DSC05101-768x439.jpg 768w, https:\/\/sdb.bo\/sdb\/wp-content\/uploads\/2025\/09\/DSC05101-1536x878.jpg 1536w\" sizes=\"(max-width: 2000px) 100vw, 2000px\" \/><\/div>\n\t\t<\/a>\n\t\t\t\t<div class=\"elementor-post__text\">\n\t\t\t\t<h3 class=\"elementor-post__title\">\n\t\t\t<a href=\"https:\/\/sdb.bo\/sdb\/2025\/09\/19\/4to-encuentro-valdocco-jovenes-a-la-luz-de-nuevos-desafios\/\" target=&quot;_blank&quot;>\n\t\t\t\t4to Encuentro Valdocco: J\u00f3venes a la Luz de Nuevos Desaf\u00edos\t\t\t<\/a>\n\t\t<\/h3>\n\t\t\t\t<div class=\"elementor-post__meta-data\">\n\t\t\t\t\t<span class=\"elementor-post-date\">\n\t\t\t19\/09\/2025\t\t<\/span>\n\t\t\t\t<\/div>\n\t\t\t\t<div class=\"elementor-post__excerpt\">\n\t\t\t<p>4TO ENCUENTRO VALDOCCO: J\u00d3VENES A LA LUZ DE NUEVOS DESAF\u00cdOS Con el objetivo de fortalecer el liderazgo juvenil y el compromiso social de los Gobiernos<\/p>\n<div class=\"pvc_clear\"><\/div>\n<p class=\"pvc_stats all \" data-element-id=\"44178\" style=\"\"><i class=\"pvc-stats-icon medium\" aria-hidden=\"true\"><svg aria-hidden=\"true\" focusable=\"false\" data-prefix=\"far\" data-icon=\"chart-bar\" role=\"img\" xmlns=\"http:\/\/www.w3.org\/2000\/svg\" viewBox=\"0 0 512 512\" class=\"svg-inline--fa fa-chart-bar fa-w-16 fa-2x\"><path fill=\"currentColor\" d=\"M396.8 352h22.4c6.4 0 12.8-6.4 12.8-12.8V108.8c0-6.4-6.4-12.8-12.8-12.8h-22.4c-6.4 0-12.8 6.4-12.8 12.8v230.4c0 6.4 6.4 12.8 12.8 12.8zm-192 0h22.4c6.4 0 12.8-6.4 12.8-12.8V140.8c0-6.4-6.4-12.8-12.8-12.8h-22.4c-6.4 0-12.8 6.4-12.8 12.8v198.4c0 6.4 6.4 12.8 12.8 12.8zm96 0h22.4c6.4 0 12.8-6.4 12.8-12.8V204.8c0-6.4-6.4-12.8-12.8-12.8h-22.4c-6.4 0-12.8 6.4-12.8 12.8v134.4c0 6.4 6.4 12.8 12.8 12.8zM496 400H48V80c0-8.84-7.16-16-16-16H16C7.16 64 0 71.16 0 80v336c0 17.67 14.33 32 32 32h464c8.84 0 16-7.16 16-16v-16c0-8.84-7.16-16-16-16zm-387.2-48h22.4c6.4 0 12.8-6.4 12.8-12.8v-70.4c0-6.4-6.4-12.8-12.8-12.8h-22.4c-6.4 0-12.8 6.4-12.8 12.8v70.4c0 6.4 6.4 12.8 12.8 12.8z\" class=\"\"><\/path><\/svg><\/i> Total de visitas&nbsp;1,268&nbsp;<\/p>\n<div class=\"pvc_clear\"><\/div>\n\t\t<\/div>\n\t\t\t\t<\/div>\n\t\t\t\t<\/article>\n\t\t\t\t<\/div>\n\t\t\n\t\t\t\t\t\t<\/div>\n\t\t\t\t<\/div>\n\t\t\t\t\t<\/div>\n\t\t<\/div>\n\t\t\t\t<div class=\"elementor-column elementor-col-33 elementor-top-column elementor-element elementor-element-31fb0f8e\" data-id=\"31fb0f8e\" data-element_type=\"column\">\n\t\t\t<div class=\"elementor-widget-wrap elementor-element-populated\">\n\t\t\t\t\t\t<div class=\"elementor-element elementor-element-41310b22 elementor-widget elementor-widget-image\" data-id=\"41310b22\" data-element_type=\"widget\" data-widget_type=\"image.default\">\n\t\t\t\t<div class=\"elementor-widget-container\">\n\t\t\t\t\t\t\t\t\t\t\t\t\t\t\t<img loading=\"lazy\" decoding=\"async\" width=\"300\" height=\"233\" src=\"https:\/\/sdb.bo\/sdb\/wp-content\/uploads\/2022\/02\/boletin-300x233.jpg\" class=\"attachment-medium size-medium wp-image-841\" alt=\"\" srcset=\"https:\/\/sdb.bo\/sdb\/wp-content\/uploads\/2022\/02\/boletin-300x233.jpg 300w, https:\/\/sdb.bo\/sdb\/wp-content\/uploads\/2022\/02\/boletin.jpg 490w\" sizes=\"(max-width: 300px) 100vw, 300px\" \/>\t\t\t\t\t\t\t\t\t\t\t\t\t\t\t<\/div>\n\t\t\t\t<\/div>\n\t\t\t\t<div class=\"elementor-element elementor-element-59035ad4 elementor-widget elementor-widget-shortcode\" data-id=\"59035ad4\" data-element_type=\"widget\" data-widget_type=\"shortcode.default\">\n\t\t\t\t<div class=\"elementor-widget-container\">\n\t\t\t\t\t\t\t<div class=\"elementor-shortcode\"><div class=\"dflip-books\"><div class=\"_df_thumb \" id=\"df_42609\"  _slug=\"julio-5\" data-title=\"julio\" wpoptions=\"true\" thumb=\"https:\/\/sdb.bo\/sdb\/wp-content\/uploads\/2024\/08\/Julio-1.jpg\" thumbtype=\"\" >Julio<\/div><script class=\"df-shortcode-script\" nowprocket type=\"application\/javascript\">window.option_df_42609 = {\"outline\":[],\"autoEnableOutline\":\"false\",\"autoEnableThumbnail\":\"false\",\"overwritePDFOutline\":\"false\",\"direction\":\"1\",\"pageSize\":\"0\",\"source\":\"https:\\\/\\\/sdb.bo\\\/sdb\\\/wp-content\\\/uploads\\\/2024\\\/08\\\/Julio.pdf\",\"wpOptions\":\"true\"}; if(window.DFLIP && window.DFLIP.parseBooks){window.DFLIP.parseBooks();}<\/script><div class=\"_df_thumb \" id=\"df_42454\"  _slug=\"julio-4\" data-title=\"julio\" wpoptions=\"true\" thumb=\"https:\/\/sdb.bo\/sdb\/wp-content\/uploads\/2024\/07\/Boletin-Salesiano-220-julio-1.jpg\" thumbtype=\"\" >Julio<\/div><script class=\"df-shortcode-script\" nowprocket type=\"application\/javascript\">window.option_df_42454 = {\"outline\":[],\"autoEnableOutline\":\"false\",\"autoEnableThumbnail\":\"false\",\"overwritePDFOutline\":\"false\",\"direction\":\"1\",\"pageSize\":\"0\",\"source\":\"https:\\\/\\\/sdb.bo\\\/sdb\\\/wp-content\\\/uploads\\\/2024\\\/07\\\/Boletin-Salesiano-220-julio-1.pdf\",\"wpOptions\":\"true\"}; if(window.DFLIP && window.DFLIP.parseBooks){window.DFLIP.parseBooks();}<\/script><\/div><\/div>\n\t\t\t\t\t\t<\/div>\n\t\t\t\t<\/div>\n\t\t\t\t<div class=\"elementor-element elementor-element-4dfcbf40 elementor-hidden-tablet elementor-hidden-phone elementor-widget elementor-widget-image\" data-id=\"4dfcbf40\" data-element_type=\"widget\" data-widget_type=\"image.default\">\n\t\t\t\t<div class=\"elementor-widget-container\">\n\t\t\t\t\t\t\t\t\t\t\t\t\t\t\t<img loading=\"lazy\" decoding=\"async\" width=\"519\" height=\"723\" src=\"https:\/\/sdb.bo\/sdb\/wp-content\/uploads\/2022\/03\/BS-210-Jul-Ago_001.png\" class=\"attachment-full size-full wp-image-1899\" alt=\"\" srcset=\"https:\/\/sdb.bo\/sdb\/wp-content\/uploads\/2022\/03\/BS-210-Jul-Ago_001.png 519w, https:\/\/sdb.bo\/sdb\/wp-content\/uploads\/2022\/03\/BS-210-Jul-Ago_001-215x300.png 215w\" sizes=\"(max-width: 519px) 100vw, 519px\" \/>\t\t\t\t\t\t\t\t\t\t\t\t\t\t\t<\/div>\n\t\t\t\t<\/div>\n\t\t\t\t<div class=\"elementor-element elementor-element-10ced31a elementor-widget elementor-widget-image\" data-id=\"10ced31a\" data-element_type=\"widget\" data-widget_type=\"image.default\">\n\t\t\t\t<div class=\"elementor-widget-container\">\n\t\t\t\t\t\t\t\t\t\t\t\t\t\t\t<img loading=\"lazy\" decoding=\"async\" width=\"300\" height=\"80\" src=\"https:\/\/sdb.bo\/sdb\/wp-content\/uploads\/2022\/02\/Sin-titulo-2-300x80.jpg\" class=\"attachment-medium size-medium wp-image-836\" alt=\"\" srcset=\"https:\/\/sdb.bo\/sdb\/wp-content\/uploads\/2022\/02\/Sin-titulo-2-300x80.jpg 300w, https:\/\/sdb.bo\/sdb\/wp-content\/uploads\/2022\/02\/Sin-titulo-2-1024x273.jpg 1024w, https:\/\/sdb.bo\/sdb\/wp-content\/uploads\/2022\/02\/Sin-titulo-2-768x205.jpg 768w, https:\/\/sdb.bo\/sdb\/wp-content\/uploads\/2022\/02\/Sin-titulo-2.jpg 1500w\" sizes=\"(max-width: 300px) 100vw, 300px\" \/>\t\t\t\t\t\t\t\t\t\t\t\t\t\t\t<\/div>\n\t\t\t\t<\/div>\n\t\t\t\t<div class=\"elementor-element elementor-element-19d0c872 elementor-widget elementor-widget-shortcode\" data-id=\"19d0c872\" data-element_type=\"widget\" data-widget_type=\"shortcode.default\">\n\t\t\t\t<div class=\"elementor-widget-container\">\n\t\t\t\t\t\t\t<div class=\"elementor-shortcode\"><div class=\"dflip-books\"><div class=\"_df_thumb \" id=\"df_43667\"  _slug=\"octubre-copy\" data-title=\"octubre-copy\" wpoptions=\"true\" thumb=\"https:\/\/sdb.bo\/sdb\/wp-content\/uploads\/2025\/07\/Cuadernillo-Jubileo-tapa.jpg\" thumbtype=\"\" >octubre &#8211; Copy<\/div><script class=\"df-shortcode-script\" nowprocket type=\"application\/javascript\">window.option_df_43667 = {\"outline\":[],\"autoEnableOutline\":\"false\",\"autoEnableThumbnail\":\"false\",\"overwritePDFOutline\":\"false\",\"direction\":\"1\",\"pageSize\":\"0\",\"source\":\"https:\\\/\\\/sdb.bo\\\/sdb\\\/wp-content\\\/uploads\\\/2025\\\/07\\\/Cuadernillo-Jubileo.pdf\",\"wpOptions\":\"true\"}; if(window.DFLIP && window.DFLIP.parseBooks){window.DFLIP.parseBooks();}<\/script><div class=\"_df_thumb \" id=\"df_42981\"  _slug=\"agosto-copy\" data-title=\"octubre\" wpoptions=\"true\" thumb=\"https:\/\/sdb.bo\/sdb\/wp-content\/uploads\/2024\/11\/octubre-1.jpg\" thumbtype=\"\" >octubre<\/div><script class=\"df-shortcode-script\" nowprocket type=\"application\/javascript\">window.option_df_42981 = {\"outline\":[],\"autoEnableOutline\":\"false\",\"autoEnableThumbnail\":\"false\",\"overwritePDFOutline\":\"false\",\"direction\":\"1\",\"pageSize\":\"0\",\"source\":\"https:\\\/\\\/sdb.bo\\\/sdb\\\/wp-content\\\/uploads\\\/2024\\\/11\\\/octubre.pdf\",\"wpOptions\":\"true\"}; if(window.DFLIP && window.DFLIP.parseBooks){window.DFLIP.parseBooks();}<\/script><\/div><\/div>\n\t\t\t\t\t\t<\/div>\n\t\t\t\t<\/div>\n\t\t\t\t<div class=\"elementor-element elementor-element-6a5f47ec elementor-hidden-tablet elementor-hidden-phone elementor-widget elementor-widget-image\" data-id=\"6a5f47ec\" data-element_type=\"widget\" data-widget_type=\"image.default\">\n\t\t\t\t<div class=\"elementor-widget-container\">\n\t\t\t\t\t\t\t\t\t\t\t\t\t\t\t<img loading=\"lazy\" decoding=\"async\" width=\"490\" height=\"380\" src=\"https:\/\/sdb.bo\/sdb\/wp-content\/uploads\/2022\/03\/Sin-titulo-2.png\" class=\"attachment-full size-full wp-image-1996\" alt=\"\" srcset=\"https:\/\/sdb.bo\/sdb\/wp-content\/uploads\/2022\/03\/Sin-titulo-2.png 490w, https:\/\/sdb.bo\/sdb\/wp-content\/uploads\/2022\/03\/Sin-titulo-2-300x233.png 300w\" sizes=\"(max-width: 490px) 100vw, 490px\" \/>\t\t\t\t\t\t\t\t\t\t\t\t\t\t\t<\/div>\n\t\t\t\t<\/div>\n\t\t\t\t<div class=\"elementor-element elementor-element-79898508 elementor-widget elementor-widget-heading\" data-id=\"79898508\" data-element_type=\"widget\" data-widget_type=\"heading.default\">\n\t\t\t\t<div class=\"elementor-widget-container\">\n\t\t\t\t\t<h4 class=\"elementor-heading-title elementor-size-default\">Publicaciones <\/h4>\t\t\t\t<\/div>\n\t\t\t\t<\/div>\n\t\t\t\t<div class=\"elementor-element elementor-element-72698f29 elementor-grid-1 elementor-posts--thumbnail-left elementor-posts--align-left elementor-grid-tablet-2 elementor-grid-mobile-1 elementor-widget elementor-widget-posts\" data-id=\"72698f29\" data-element_type=\"widget\" data-settings=\"{&quot;classic_columns&quot;:&quot;1&quot;,&quot;classic_row_gap&quot;:{&quot;unit&quot;:&quot;px&quot;,&quot;size&quot;:&quot;30&quot;,&quot;sizes&quot;:[]},&quot;classic_columns_tablet&quot;:&quot;2&quot;,&quot;classic_columns_mobile&quot;:&quot;1&quot;,&quot;classic_row_gap_tablet&quot;:{&quot;unit&quot;:&quot;px&quot;,&quot;size&quot;:&quot;&quot;,&quot;sizes&quot;:[]},&quot;classic_row_gap_mobile&quot;:{&quot;unit&quot;:&quot;px&quot;,&quot;size&quot;:&quot;&quot;,&quot;sizes&quot;:[]}}\" data-widget_type=\"posts.classic\">\n\t\t\t\t<div class=\"elementor-widget-container\">\n\t\t\t\t\t\t\t<div class=\"elementor-posts-container elementor-posts elementor-posts--skin-classic elementor-grid\">\n\t\t\t\t<article class=\"elementor-post elementor-grid-item post-45445 post type-post status-publish format-standard has-post-thumbnail hentry category-inspector\">\n\t\t\t\t<a class=\"elementor-post__thumbnail__link\" href=\"https:\/\/sdb.bo\/sdb\/2026\/04\/29\/directores-de-colegios-privados-salesianos-se-reunen-para-mejorar-la-calidad-educativa\/\" tabindex=\"-1\" target=&quot;_blank&quot;>\n\t\t\t<div class=\"elementor-post__thumbnail\"><img decoding=\"async\" width=\"2000\" height=\"1333\" src=\"https:\/\/sdb.bo\/sdb\/wp-content\/uploads\/2026\/04\/DSC08392.jpg\" class=\"attachment-full size-full wp-image-45456\" alt=\"\" srcset=\"https:\/\/sdb.bo\/sdb\/wp-content\/uploads\/2026\/04\/DSC08392.jpg 2000w, https:\/\/sdb.bo\/sdb\/wp-content\/uploads\/2026\/04\/DSC08392-300x200.jpg 300w, https:\/\/sdb.bo\/sdb\/wp-content\/uploads\/2026\/04\/DSC08392-1024x682.jpg 1024w, https:\/\/sdb.bo\/sdb\/wp-content\/uploads\/2026\/04\/DSC08392-768x512.jpg 768w, https:\/\/sdb.bo\/sdb\/wp-content\/uploads\/2026\/04\/DSC08392-1536x1024.jpg 1536w\" sizes=\"(max-width: 2000px) 100vw, 2000px\" \/><\/div>\n\t\t<\/a>\n\t\t\t\t<div class=\"elementor-post__text\">\n\t\t\t\t<h3 class=\"elementor-post__title\">\n\t\t\t<a href=\"https:\/\/sdb.bo\/sdb\/2026\/04\/29\/directores-de-colegios-privados-salesianos-se-reunen-para-mejorar-la-calidad-educativa\/\" target=&quot;_blank&quot;>\n\t\t\t\tDirectores de colegios privados Salesianos se re\u00fanen para mejorar la calidad educativa\t\t\t<\/a>\n\t\t<\/h3>\n\t\t\t\t<div class=\"elementor-post__meta-data\">\n\t\t\t\t\t<span class=\"elementor-post-date\">\n\t\t\t29\/04\/2026\t\t<\/span>\n\t\t\t\t<\/div>\n\t\t\t\t<\/div>\n\t\t\t\t<\/article>\n\t\t\t\t<article class=\"elementor-post elementor-grid-item post-45399 post type-post status-publish format-standard has-post-thumbnail hentry category-inspector\">\n\t\t\t\t<a class=\"elementor-post__thumbnail__link\" href=\"https:\/\/sdb.bo\/sdb\/2026\/04\/29\/directores-salesianos-de-bolivia-se-reunen-en-jornada-de-formacion-y-fraternidad\/\" tabindex=\"-1\" target=&quot;_blank&quot;>\n\t\t\t<div class=\"elementor-post__thumbnail\"><img decoding=\"async\" width=\"2000\" height=\"1333\" src=\"https:\/\/sdb.bo\/sdb\/wp-content\/uploads\/2026\/04\/DSC08454.jpg\" class=\"attachment-full size-full wp-image-45435\" alt=\"\" srcset=\"https:\/\/sdb.bo\/sdb\/wp-content\/uploads\/2026\/04\/DSC08454.jpg 2000w, https:\/\/sdb.bo\/sdb\/wp-content\/uploads\/2026\/04\/DSC08454-300x200.jpg 300w, https:\/\/sdb.bo\/sdb\/wp-content\/uploads\/2026\/04\/DSC08454-1024x682.jpg 1024w, https:\/\/sdb.bo\/sdb\/wp-content\/uploads\/2026\/04\/DSC08454-768x512.jpg 768w, https:\/\/sdb.bo\/sdb\/wp-content\/uploads\/2026\/04\/DSC08454-1536x1024.jpg 1536w\" sizes=\"(max-width: 2000px) 100vw, 2000px\" \/><\/div>\n\t\t<\/a>\n\t\t\t\t<div class=\"elementor-post__text\">\n\t\t\t\t<h3 class=\"elementor-post__title\">\n\t\t\t<a href=\"https:\/\/sdb.bo\/sdb\/2026\/04\/29\/directores-salesianos-de-bolivia-se-reunen-en-jornada-de-formacion-y-fraternidad\/\" target=&quot;_blank&quot;>\n\t\t\t\tDirectores Salesianos de Bolivia se re\u00fanen en jornada de formaci\u00f3n y fraternidad\t\t\t<\/a>\n\t\t<\/h3>\n\t\t\t\t<div class=\"elementor-post__meta-data\">\n\t\t\t\t\t<span class=\"elementor-post-date\">\n\t\t\t29\/04\/2026\t\t<\/span>\n\t\t\t\t<\/div>\n\t\t\t\t<\/div>\n\t\t\t\t<\/article>\n\t\t\t\t<article class=\"elementor-post elementor-grid-item post-45220 post type-post status-publish format-standard has-post-thumbnail hentry category-inspector\">\n\t\t\t\t<a class=\"elementor-post__thumbnail__link\" href=\"https:\/\/sdb.bo\/sdb\/2026\/04\/01\/asamblea-del-movimiento-juvenil-salesiano-2026-como-don-bosco-sonamos-y-proyectamos-el-mjs\/\" tabindex=\"-1\" target=&quot;_blank&quot;>\n\t\t\t<div class=\"elementor-post__thumbnail\"><img loading=\"lazy\" decoding=\"async\" width=\"2000\" height=\"1333\" src=\"https:\/\/sdb.bo\/sdb\/wp-content\/uploads\/2026\/04\/DSC08077.jpg\" class=\"attachment-full size-full wp-image-45303\" alt=\"\" srcset=\"https:\/\/sdb.bo\/sdb\/wp-content\/uploads\/2026\/04\/DSC08077.jpg 2000w, https:\/\/sdb.bo\/sdb\/wp-content\/uploads\/2026\/04\/DSC08077-300x200.jpg 300w, https:\/\/sdb.bo\/sdb\/wp-content\/uploads\/2026\/04\/DSC08077-1024x682.jpg 1024w, https:\/\/sdb.bo\/sdb\/wp-content\/uploads\/2026\/04\/DSC08077-768x512.jpg 768w, https:\/\/sdb.bo\/sdb\/wp-content\/uploads\/2026\/04\/DSC08077-1536x1024.jpg 1536w\" sizes=\"(max-width: 2000px) 100vw, 2000px\" \/><\/div>\n\t\t<\/a>\n\t\t\t\t<div class=\"elementor-post__text\">\n\t\t\t\t<h3 class=\"elementor-post__title\">\n\t\t\t<a href=\"https:\/\/sdb.bo\/sdb\/2026\/04\/01\/asamblea-del-movimiento-juvenil-salesiano-2026-como-don-bosco-sonamos-y-proyectamos-el-mjs\/\" target=&quot;_blank&quot;>\n\t\t\t\tASAMBLEA DEL MOVIMIENTO JUVENIL SALESIANO 2026 Como Don Bosco, so\u00f1amos y proyectamos el MJS\t\t\t<\/a>\n\t\t<\/h3>\n\t\t\t\t<div class=\"elementor-post__meta-data\">\n\t\t\t\t\t<span class=\"elementor-post-date\">\n\t\t\t01\/04\/2026\t\t<\/span>\n\t\t\t\t<\/div>\n\t\t\t\t<\/div>\n\t\t\t\t<\/article>\n\t\t\t\t<article class=\"elementor-post elementor-grid-item post-45192 post type-post status-publish format-standard has-post-thumbnail hentry category-inspector\">\n\t\t\t\t<a class=\"elementor-post__thumbnail__link\" href=\"https:\/\/sdb.bo\/sdb\/2026\/03\/31\/salesianos-de-bolivia-profundizan-su-formacion-y-compromiso-sinodal-en-la-sede-inspectorial\/\" tabindex=\"-1\" target=&quot;_blank&quot;>\n\t\t\t<div class=\"elementor-post__thumbnail\"><img loading=\"lazy\" decoding=\"async\" width=\"2000\" height=\"1333\" src=\"https:\/\/sdb.bo\/sdb\/wp-content\/uploads\/2026\/03\/DSC07811.jpg\" class=\"attachment-full size-full wp-image-45215\" alt=\"\" srcset=\"https:\/\/sdb.bo\/sdb\/wp-content\/uploads\/2026\/03\/DSC07811.jpg 2000w, https:\/\/sdb.bo\/sdb\/wp-content\/uploads\/2026\/03\/DSC07811-300x200.jpg 300w, https:\/\/sdb.bo\/sdb\/wp-content\/uploads\/2026\/03\/DSC07811-1024x682.jpg 1024w, https:\/\/sdb.bo\/sdb\/wp-content\/uploads\/2026\/03\/DSC07811-768x512.jpg 768w, https:\/\/sdb.bo\/sdb\/wp-content\/uploads\/2026\/03\/DSC07811-1536x1024.jpg 1536w\" sizes=\"(max-width: 2000px) 100vw, 2000px\" \/><\/div>\n\t\t<\/a>\n\t\t\t\t<div class=\"elementor-post__text\">\n\t\t\t\t<h3 class=\"elementor-post__title\">\n\t\t\t<a href=\"https:\/\/sdb.bo\/sdb\/2026\/03\/31\/salesianos-de-bolivia-profundizan-su-formacion-y-compromiso-sinodal-en-la-sede-inspectorial\/\" target=&quot;_blank&quot;>\n\t\t\t\tSALESIANOS DE BOLIVIA PROFUNDIZAN SU FORMACI\u00d3N Y COMPROMISO SINODAL EN LA SEDE INSPECTORIAL\t\t\t<\/a>\n\t\t<\/h3>\n\t\t\t\t<div class=\"elementor-post__meta-data\">\n\t\t\t\t\t<span class=\"elementor-post-date\">\n\t\t\t31\/03\/2026\t\t<\/span>\n\t\t\t\t<\/div>\n\t\t\t\t<\/div>\n\t\t\t\t<\/article>\n\t\t\t\t<\/div>\n\t\t\n\t\t\t\t\t\t<\/div>\n\t\t\t\t<\/div>\n\t\t\t\t<section class=\"elementor-section elementor-inner-section elementor-element elementor-element-336d776d elementor-section-boxed elementor-section-height-default elementor-section-height-default\" data-id=\"336d776d\" data-element_type=\"section\" data-settings=\"{&quot;background_background&quot;:&quot;classic&quot;}\">\n\t\t\t\t\t\t<div class=\"elementor-container elementor-column-gap-default\">\n\t\t\t\t\t<div class=\"elementor-column elementor-col-100 elementor-inner-column elementor-element elementor-element-54af145c\" data-id=\"54af145c\" data-element_type=\"column\">\n\t\t\t<div class=\"elementor-widget-wrap elementor-element-populated\">\n\t\t\t\t\t\t<div class=\"elementor-element elementor-element-4e69bd96 elementor-widget-divider--view-line_text elementor-widget-divider--element-align-right elementor-widget elementor-widget-divider\" data-id=\"4e69bd96\" data-element_type=\"widget\" data-widget_type=\"divider.default\">\n\t\t\t\t<div class=\"elementor-widget-container\">\n\t\t\t\t\t\t\t<div class=\"elementor-divider\">\n\t\t\t<span class=\"elementor-divider-separator\">\n\t\t\t\t\t\t\t<span class=\"elementor-divider__text elementor-divider__element\">\n\t\t\t\tSolicita M\u00e1s Informaci\u00f3n \t\t\t\t<\/span>\n\t\t\t\t\t\t<\/span>\n\t\t<\/div>\n\t\t\t\t\t\t<\/div>\n\t\t\t\t<\/div>\n\t\t\t\t<div class=\"elementor-element elementor-element-34ee7f68 elementor-widget elementor-widget-heading\" data-id=\"34ee7f68\" data-element_type=\"widget\" data-widget_type=\"heading.default\">\n\t\t\t\t<div class=\"elementor-widget-container\">\n\t\t\t\t\t<h3 class=\"elementor-heading-title elementor-size-default\">Danos tu opini\u00f3n \n<\/h3>\t\t\t\t<\/div>\n\t\t\t\t<\/div>\n\t\t\t\t<div class=\"elementor-element elementor-element-be39128 elementor-button-align-stretch elementor-widget elementor-widget-form\" data-id=\"be39128\" data-element_type=\"widget\" data-settings=\"{&quot;step_next_label&quot;:&quot;Siguiente&quot;,&quot;step_previous_label&quot;:&quot;Anterior&quot;,&quot;button_width&quot;:&quot;100&quot;,&quot;step_type&quot;:&quot;number_text&quot;,&quot;step_icon_shape&quot;:&quot;circle&quot;}\" data-widget_type=\"form.default\">\n\t\t\t\t<div class=\"elementor-widget-container\">\n\t\t\t\t\t\t\t<form class=\"elementor-form\" method=\"post\" name=\"Nuevo formulario\">\n\t\t\t<input type=\"hidden\" name=\"post_id\" value=\"2148\"\/>\n\t\t\t<input type=\"hidden\" name=\"form_id\" value=\"be39128\"\/>\n\t\t\t<input type=\"hidden\" name=\"referer_title\" value=\"\" \/>\n\n\t\t\t\n\t\t\t<div class=\"elementor-form-fields-wrapper elementor-labels-above\">\n\t\t\t\t\t\t\t\t<div class=\"elementor-field-type-text elementor-field-group elementor-column elementor-field-group-name elementor-col-100\">\n\t\t\t\t\t\t\t\t\t\t\t\t<label for=\"form-field-name\" class=\"elementor-field-label\">\n\t\t\t\t\t\t\t\tNombre\t\t\t\t\t\t\t<\/label>\n\t\t\t\t\t\t\t\t\t\t\t\t\t\t<input size=\"1\" type=\"text\" name=\"form_fields[name]\" id=\"form-field-name\" class=\"elementor-field elementor-size-sm  elementor-field-textual\" placeholder=\"Nombre\">\n\t\t\t\t\t\t\t\t\t\t\t<\/div>\n\t\t\t\t\t\t\t\t<div class=\"elementor-field-type-email elementor-field-group elementor-column elementor-field-group-email elementor-col-100 elementor-field-required\">\n\t\t\t\t\t\t\t\t\t\t\t\t<label for=\"form-field-email\" class=\"elementor-field-label\">\n\t\t\t\t\t\t\t\tCorreo electr\u00f3nico\t\t\t\t\t\t\t<\/label>\n\t\t\t\t\t\t\t\t\t\t\t\t\t\t<input size=\"1\" type=\"email\" name=\"form_fields[email]\" id=\"form-field-email\" class=\"elementor-field elementor-size-sm  elementor-field-textual\" placeholder=\"Correo electr\u00f3nico\" required=\"required\" aria-required=\"true\">\n\t\t\t\t\t\t\t\t\t\t\t<\/div>\n\t\t\t\t\t\t\t\t<div class=\"elementor-field-type-textarea elementor-field-group elementor-column elementor-field-group-message elementor-col-100\">\n\t\t\t\t\t\t\t\t\t\t\t\t<label for=\"form-field-message\" class=\"elementor-field-label\">\n\t\t\t\t\t\t\t\tMensaje\t\t\t\t\t\t\t<\/label>\n\t\t\t\t\t\t<textarea class=\"elementor-field-textual elementor-field  elementor-size-sm\" name=\"form_fields[message]\" id=\"form-field-message\" rows=\"4\" placeholder=\"Mensaje\"><\/textarea>\t\t\t\t<\/div>\n\t\t\t\t\t\t\t\t<div class=\"elementor-field-type-recaptcha elementor-field-group elementor-column elementor-field-group-antiboot elementor-col-100\">\n\t\t\t\t\t<div class=\"elementor-field\" id=\"form-field-antiboot\"><div class=\"elementor-g-recaptcha\" data-sitekey=\"6LdOIuUfAAAAAInQgQOkrsRO43KcC4i_QBmMe_MG\" data-type=\"v2_checkbox\" data-theme=\"light\" data-size=\"normal\"><\/div><\/div>\t\t\t\t<\/div>\n\t\t\t\t\t\t\t\t<div class=\"elementor-field-group elementor-column elementor-field-type-submit elementor-col-100 e-form__buttons\">\n\t\t\t\t\t<button class=\"elementor-button elementor-size-sm\" type=\"submit\">\n\t\t\t\t\t\t<span class=\"elementor-button-content-wrapper\">\n\t\t\t\t\t\t\t\t\t\t\t\t\t\t\t\t\t\t\t\t\t\t<span class=\"elementor-button-text\">Enviar<\/span>\n\t\t\t\t\t\t\t\t\t\t\t\t\t<\/span>\n\t\t\t\t\t<\/button>\n\t\t\t\t<\/div>\n\t\t\t<\/div>\n\t\t<\/form>\n\t\t\t\t\t\t<\/div>\n\t\t\t\t<\/div>\n\t\t\t\t\t<\/div>\n\t\t<\/div>\n\t\t\t\t\t<\/div>\n\t\t<\/section>\n\t\t\t\t\t<\/div>\n\t\t<\/div>\n\t\t\t\t\t<\/div>\n\t\t<\/section>\n\t\t\t\t<section class=\"elementor-section elementor-top-section elementor-element elementor-element-5f5b4d62 elementor-section-boxed elementor-section-height-default elementor-section-height-default\" data-id=\"5f5b4d62\" data-element_type=\"section\">\n\t\t\t\t\t\t<div class=\"elementor-container elementor-column-gap-default\">\n\t\t\t\t\t<div class=\"elementor-column elementor-col-100 elementor-top-column elementor-element elementor-element-1cb0af63\" data-id=\"1cb0af63\" data-element_type=\"column\" data-settings=\"{&quot;background_background&quot;:&quot;classic&quot;}\">\n\t\t\t<div class=\"elementor-widget-wrap elementor-element-populated\">\n\t\t\t\t\t\t<section class=\"elementor-section elementor-inner-section elementor-element elementor-element-75f0c140 elementor-section-boxed elementor-section-height-default elementor-section-height-default\" data-id=\"75f0c140\" data-element_type=\"section\">\n\t\t\t\t\t\t<div class=\"elementor-container elementor-column-gap-default\">\n\t\t\t\t\t<div class=\"elementor-column elementor-col-50 elementor-inner-column elementor-element elementor-element-3115cef7\" data-id=\"3115cef7\" data-element_type=\"column\">\n\t\t\t<div class=\"elementor-widget-wrap elementor-element-populated\">\n\t\t\t\t\t\t<div class=\"elementor-element elementor-element-2b311184 elementor-widget-divider--view-line_text elementor-widget-divider--element-align-right elementor-widget elementor-widget-divider\" data-id=\"2b311184\" data-element_type=\"widget\" data-widget_type=\"divider.default\">\n\t\t\t\t<div class=\"elementor-widget-container\">\n\t\t\t\t\t\t\t<div class=\"elementor-divider\">\n\t\t\t<span class=\"elementor-divider-separator\">\n\t\t\t\t\t\t\t<span class=\"elementor-divider__text elementor-divider__element\">\n\t\t\t\tEn tendencia\t\t\t\t<\/span>\n\t\t\t\t\t\t<\/span>\n\t\t<\/div>\n\t\t\t\t\t\t<\/div>\n\t\t\t\t<\/div>\n\t\t\t\t<div class=\"elementor-element elementor-element-4cde32a elementor-widget elementor-widget-heading\" data-id=\"4cde32a\" data-element_type=\"widget\" data-widget_type=\"heading.default\">\n\t\t\t\t<div class=\"elementor-widget-container\">\n\t\t\t\t\t<h2 class=\"elementor-heading-title elementor-size-default\">Publicaciones m\u00e1s populares<\/h2>\t\t\t\t<\/div>\n\t\t\t\t<\/div>\n\t\t\t\t\t<\/div>\n\t\t<\/div>\n\t\t\t\t<div class=\"elementor-column elementor-col-50 elementor-inner-column elementor-element elementor-element-3afc6630\" data-id=\"3afc6630\" data-element_type=\"column\">\n\t\t\t<div class=\"elementor-widget-wrap elementor-element-populated\">\n\t\t\t\t\t\t<div class=\"elementor-element elementor-element-1ee797fe elementor-widget__width-auto elementor-align-right elementor-widget elementor-widget-button\" data-id=\"1ee797fe\" data-element_type=\"widget\" data-widget_type=\"button.default\">\n\t\t\t\t<div class=\"elementor-widget-container\">\n\t\t\t\t\t\t\t\t\t<div class=\"elementor-button-wrapper\">\n\t\t\t\t\t<a class=\"elementor-button elementor-button-link elementor-size-sm\" href=\"#\">\n\t\t\t\t\t\t<span class=\"elementor-button-content-wrapper\">\n\t\t\t\t\t\t<span class=\"elementor-button-icon\">\n\t\t\t\t<i aria-hidden=\"true\" class=\"fas fa-chevron-right\"><\/i>\t\t\t<\/span>\n\t\t\t\t\t\t\t\t\t<span class=\"elementor-button-text\">Explorar m\u00e1s<\/span>\n\t\t\t\t\t<\/span>\n\t\t\t\t\t<\/a>\n\t\t\t\t<\/div>\n\t\t\t\t\t\t\t\t<\/div>\n\t\t\t\t<\/div>\n\t\t\t\t\t<\/div>\n\t\t<\/div>\n\t\t\t\t\t<\/div>\n\t\t<\/section>\n\t\t\t\t<div class=\"elementor-element elementor-element-6861a011 elementor-grid-4 elementor-grid-tablet-2 elementor-grid-mobile-1 elementor-posts--thumbnail-top elementor-widget elementor-widget-posts\" data-id=\"6861a011\" data-element_type=\"widget\" data-settings=\"{&quot;classic_columns&quot;:&quot;4&quot;,&quot;classic_row_gap&quot;:{&quot;unit&quot;:&quot;px&quot;,&quot;size&quot;:&quot;40&quot;,&quot;sizes&quot;:[]},&quot;classic_columns_tablet&quot;:&quot;2&quot;,&quot;classic_columns_mobile&quot;:&quot;1&quot;,&quot;classic_row_gap_tablet&quot;:{&quot;unit&quot;:&quot;px&quot;,&quot;size&quot;:&quot;&quot;,&quot;sizes&quot;:[]},&quot;classic_row_gap_mobile&quot;:{&quot;unit&quot;:&quot;px&quot;,&quot;size&quot;:&quot;&quot;,&quot;sizes&quot;:[]}}\" data-widget_type=\"posts.classic\">\n\t\t\t\t<div class=\"elementor-widget-container\">\n\t\t\t\t\t\t\t<div class=\"elementor-posts-container elementor-posts elementor-posts--skin-classic elementor-grid\">\n\t\t\t\t<article class=\"elementor-post elementor-grid-item post-45445 post type-post status-publish format-standard has-post-thumbnail hentry category-inspector\">\n\t\t\t\t<a class=\"elementor-post__thumbnail__link\" href=\"https:\/\/sdb.bo\/sdb\/2026\/04\/29\/directores-de-colegios-privados-salesianos-se-reunen-para-mejorar-la-calidad-educativa\/\" tabindex=\"-1\" target=&quot;_blank&quot;>\n\t\t\t<div class=\"elementor-post__thumbnail\"><img decoding=\"async\" width=\"2000\" height=\"1333\" src=\"https:\/\/sdb.bo\/sdb\/wp-content\/uploads\/2026\/04\/DSC08392.jpg\" class=\"attachment-full size-full wp-image-45456\" alt=\"\" srcset=\"https:\/\/sdb.bo\/sdb\/wp-content\/uploads\/2026\/04\/DSC08392.jpg 2000w, https:\/\/sdb.bo\/sdb\/wp-content\/uploads\/2026\/04\/DSC08392-300x200.jpg 300w, https:\/\/sdb.bo\/sdb\/wp-content\/uploads\/2026\/04\/DSC08392-1024x682.jpg 1024w, https:\/\/sdb.bo\/sdb\/wp-content\/uploads\/2026\/04\/DSC08392-768x512.jpg 768w, https:\/\/sdb.bo\/sdb\/wp-content\/uploads\/2026\/04\/DSC08392-1536x1024.jpg 1536w\" sizes=\"(max-width: 2000px) 100vw, 2000px\" \/><\/div>\n\t\t<\/a>\n\t\t\t\t<div class=\"elementor-post__text\">\n\t\t\t\t<h3 class=\"elementor-post__title\">\n\t\t\t<a href=\"https:\/\/sdb.bo\/sdb\/2026\/04\/29\/directores-de-colegios-privados-salesianos-se-reunen-para-mejorar-la-calidad-educativa\/\" target=&quot;_blank&quot;>\n\t\t\t\tDirectores de colegios privados Salesianos se re\u00fanen para mejorar la calidad educativa\t\t\t<\/a>\n\t\t<\/h3>\n\t\t\t\t<div class=\"elementor-post__meta-data\">\n\t\t\t\t\t<span class=\"elementor-post-date\">\n\t\t\t29\/04\/2026\t\t<\/span>\n\t\t\t\t<span class=\"elementor-post-time\">\n\t\t\t12:27\t\t<\/span>\n\t\t\t\t<\/div>\n\t\t\t\t<div class=\"elementor-post__excerpt\">\n\t\t\t<p>DIRECTORES DE COLEGIOS PRIVADOS SALESIANOS SE RE\u00daNEN PARA MEJORAR LA CALIDAD EDUCATIVA El pasado 21 de abril, la Casa Inspectorial fue el escenario de un<\/p>\n<div class=\"pvc_clear\"><\/div>\n<p class=\"pvc_stats all \" data-element-id=\"45445\" style=\"\"><i class=\"pvc-stats-icon medium\" aria-hidden=\"true\"><svg aria-hidden=\"true\" focusable=\"false\" data-prefix=\"far\" data-icon=\"chart-bar\" role=\"img\" xmlns=\"http:\/\/www.w3.org\/2000\/svg\" viewBox=\"0 0 512 512\" class=\"svg-inline--fa fa-chart-bar fa-w-16 fa-2x\"><path fill=\"currentColor\" d=\"M396.8 352h22.4c6.4 0 12.8-6.4 12.8-12.8V108.8c0-6.4-6.4-12.8-12.8-12.8h-22.4c-6.4 0-12.8 6.4-12.8 12.8v230.4c0 6.4 6.4 12.8 12.8 12.8zm-192 0h22.4c6.4 0 12.8-6.4 12.8-12.8V140.8c0-6.4-6.4-12.8-12.8-12.8h-22.4c-6.4 0-12.8 6.4-12.8 12.8v198.4c0 6.4 6.4 12.8 12.8 12.8zm96 0h22.4c6.4 0 12.8-6.4 12.8-12.8V204.8c0-6.4-6.4-12.8-12.8-12.8h-22.4c-6.4 0-12.8 6.4-12.8 12.8v134.4c0 6.4 6.4 12.8 12.8 12.8zM496 400H48V80c0-8.84-7.16-16-16-16H16C7.16 64 0 71.16 0 80v336c0 17.67 14.33 32 32 32h464c8.84 0 16-7.16 16-16v-16c0-8.84-7.16-16-16-16zm-387.2-48h22.4c6.4 0 12.8-6.4 12.8-12.8v-70.4c0-6.4-6.4-12.8-12.8-12.8h-22.4c-6.4 0-12.8 6.4-12.8 12.8v70.4c0 6.4 6.4 12.8 12.8 12.8z\" class=\"\"><\/path><\/svg><\/i> Total de visitas&nbsp;76&nbsp;, visitas hoy&nbsp;4&nbsp;<\/p>\n<div class=\"pvc_clear\"><\/div>\n\t\t<\/div>\n\t\t\t\t<\/div>\n\t\t\t\t<\/article>\n\t\t\t\t<article class=\"elementor-post elementor-grid-item post-45399 post type-post status-publish format-standard has-post-thumbnail hentry category-inspector\">\n\t\t\t\t<a class=\"elementor-post__thumbnail__link\" href=\"https:\/\/sdb.bo\/sdb\/2026\/04\/29\/directores-salesianos-de-bolivia-se-reunen-en-jornada-de-formacion-y-fraternidad\/\" tabindex=\"-1\" target=&quot;_blank&quot;>\n\t\t\t<div class=\"elementor-post__thumbnail\"><img decoding=\"async\" width=\"2000\" height=\"1333\" src=\"https:\/\/sdb.bo\/sdb\/wp-content\/uploads\/2026\/04\/DSC08454.jpg\" class=\"attachment-full size-full wp-image-45435\" alt=\"\" srcset=\"https:\/\/sdb.bo\/sdb\/wp-content\/uploads\/2026\/04\/DSC08454.jpg 2000w, https:\/\/sdb.bo\/sdb\/wp-content\/uploads\/2026\/04\/DSC08454-300x200.jpg 300w, https:\/\/sdb.bo\/sdb\/wp-content\/uploads\/2026\/04\/DSC08454-1024x682.jpg 1024w, https:\/\/sdb.bo\/sdb\/wp-content\/uploads\/2026\/04\/DSC08454-768x512.jpg 768w, https:\/\/sdb.bo\/sdb\/wp-content\/uploads\/2026\/04\/DSC08454-1536x1024.jpg 1536w\" sizes=\"(max-width: 2000px) 100vw, 2000px\" \/><\/div>\n\t\t<\/a>\n\t\t\t\t<div class=\"elementor-post__text\">\n\t\t\t\t<h3 class=\"elementor-post__title\">\n\t\t\t<a href=\"https:\/\/sdb.bo\/sdb\/2026\/04\/29\/directores-salesianos-de-bolivia-se-reunen-en-jornada-de-formacion-y-fraternidad\/\" target=&quot;_blank&quot;>\n\t\t\t\tDirectores Salesianos de Bolivia se re\u00fanen en jornada de formaci\u00f3n y fraternidad\t\t\t<\/a>\n\t\t<\/h3>\n\t\t\t\t<div class=\"elementor-post__meta-data\">\n\t\t\t\t\t<span class=\"elementor-post-date\">\n\t\t\t29\/04\/2026\t\t<\/span>\n\t\t\t\t<span class=\"elementor-post-time\">\n\t\t\t11:17\t\t<\/span>\n\t\t\t\t<\/div>\n\t\t\t\t<div class=\"elementor-post__excerpt\">\n\t\t\t<p>DIRECTORES SALESIANOS DE BOLIVIA SE RE\u00daNEN EN JORNADA DE FORMACI\u00d3N Y FRATERNIDAD Los d\u00edas 22 y 23 de abril, la sede Inspectorial \u201cNuestra Se\u00f1ora de<\/p>\n<div class=\"pvc_clear\"><\/div>\n<p class=\"pvc_stats all \" data-element-id=\"45399\" style=\"\"><i class=\"pvc-stats-icon medium\" aria-hidden=\"true\"><svg aria-hidden=\"true\" focusable=\"false\" data-prefix=\"far\" data-icon=\"chart-bar\" role=\"img\" xmlns=\"http:\/\/www.w3.org\/2000\/svg\" viewBox=\"0 0 512 512\" class=\"svg-inline--fa fa-chart-bar fa-w-16 fa-2x\"><path fill=\"currentColor\" d=\"M396.8 352h22.4c6.4 0 12.8-6.4 12.8-12.8V108.8c0-6.4-6.4-12.8-12.8-12.8h-22.4c-6.4 0-12.8 6.4-12.8 12.8v230.4c0 6.4 6.4 12.8 12.8 12.8zm-192 0h22.4c6.4 0 12.8-6.4 12.8-12.8V140.8c0-6.4-6.4-12.8-12.8-12.8h-22.4c-6.4 0-12.8 6.4-12.8 12.8v198.4c0 6.4 6.4 12.8 12.8 12.8zm96 0h22.4c6.4 0 12.8-6.4 12.8-12.8V204.8c0-6.4-6.4-12.8-12.8-12.8h-22.4c-6.4 0-12.8 6.4-12.8 12.8v134.4c0 6.4 6.4 12.8 12.8 12.8zM496 400H48V80c0-8.84-7.16-16-16-16H16C7.16 64 0 71.16 0 80v336c0 17.67 14.33 32 32 32h464c8.84 0 16-7.16 16-16v-16c0-8.84-7.16-16-16-16zm-387.2-48h22.4c6.4 0 12.8-6.4 12.8-12.8v-70.4c0-6.4-6.4-12.8-12.8-12.8h-22.4c-6.4 0-12.8 6.4-12.8 12.8v70.4c0 6.4 6.4 12.8 12.8 12.8z\" class=\"\"><\/path><\/svg><\/i> Total de visitas&nbsp;56&nbsp;, visitas hoy&nbsp;3&nbsp;<\/p>\n<div class=\"pvc_clear\"><\/div>\n\t\t<\/div>\n\t\t\t\t<\/div>\n\t\t\t\t<\/article>\n\t\t\t\t<article class=\"elementor-post elementor-grid-item post-45220 post type-post status-publish format-standard has-post-thumbnail hentry category-inspector\">\n\t\t\t\t<a class=\"elementor-post__thumbnail__link\" href=\"https:\/\/sdb.bo\/sdb\/2026\/04\/01\/asamblea-del-movimiento-juvenil-salesiano-2026-como-don-bosco-sonamos-y-proyectamos-el-mjs\/\" tabindex=\"-1\" target=&quot;_blank&quot;>\n\t\t\t<div class=\"elementor-post__thumbnail\"><img loading=\"lazy\" decoding=\"async\" width=\"2000\" height=\"1333\" src=\"https:\/\/sdb.bo\/sdb\/wp-content\/uploads\/2026\/04\/DSC08077.jpg\" class=\"attachment-full size-full wp-image-45303\" alt=\"\" srcset=\"https:\/\/sdb.bo\/sdb\/wp-content\/uploads\/2026\/04\/DSC08077.jpg 2000w, https:\/\/sdb.bo\/sdb\/wp-content\/uploads\/2026\/04\/DSC08077-300x200.jpg 300w, https:\/\/sdb.bo\/sdb\/wp-content\/uploads\/2026\/04\/DSC08077-1024x682.jpg 1024w, https:\/\/sdb.bo\/sdb\/wp-content\/uploads\/2026\/04\/DSC08077-768x512.jpg 768w, https:\/\/sdb.bo\/sdb\/wp-content\/uploads\/2026\/04\/DSC08077-1536x1024.jpg 1536w\" sizes=\"(max-width: 2000px) 100vw, 2000px\" \/><\/div>\n\t\t<\/a>\n\t\t\t\t<div class=\"elementor-post__text\">\n\t\t\t\t<h3 class=\"elementor-post__title\">\n\t\t\t<a href=\"https:\/\/sdb.bo\/sdb\/2026\/04\/01\/asamblea-del-movimiento-juvenil-salesiano-2026-como-don-bosco-sonamos-y-proyectamos-el-mjs\/\" target=&quot;_blank&quot;>\n\t\t\t\tASAMBLEA DEL MOVIMIENTO JUVENIL SALESIANO 2026 Como Don Bosco, so\u00f1amos y proyectamos el MJS\t\t\t<\/a>\n\t\t<\/h3>\n\t\t\t\t<div class=\"elementor-post__meta-data\">\n\t\t\t\t\t<span class=\"elementor-post-date\">\n\t\t\t01\/04\/2026\t\t<\/span>\n\t\t\t\t<span class=\"elementor-post-time\">\n\t\t\t16:54\t\t<\/span>\n\t\t\t\t<\/div>\n\t\t\t\t<div class=\"elementor-post__excerpt\">\n\t\t\t<p>ASAMBLEA DEL MOVIMIENTO JUVENIL SALESIANO 2026 COMO DON BOSCO, SO\u00d1AMOS Y PROYECTAMOS EL MJS Estudio &#8211; reflexi\u00f3n del Documento final del S\u00ednodo Salesiano de los<\/p>\n<div class=\"pvc_clear\"><\/div>\n<p class=\"pvc_stats all \" data-element-id=\"45220\" style=\"\"><i class=\"pvc-stats-icon medium\" aria-hidden=\"true\"><svg aria-hidden=\"true\" focusable=\"false\" data-prefix=\"far\" data-icon=\"chart-bar\" role=\"img\" xmlns=\"http:\/\/www.w3.org\/2000\/svg\" viewBox=\"0 0 512 512\" class=\"svg-inline--fa fa-chart-bar fa-w-16 fa-2x\"><path fill=\"currentColor\" d=\"M396.8 352h22.4c6.4 0 12.8-6.4 12.8-12.8V108.8c0-6.4-6.4-12.8-12.8-12.8h-22.4c-6.4 0-12.8 6.4-12.8 12.8v230.4c0 6.4 6.4 12.8 12.8 12.8zm-192 0h22.4c6.4 0 12.8-6.4 12.8-12.8V140.8c0-6.4-6.4-12.8-12.8-12.8h-22.4c-6.4 0-12.8 6.4-12.8 12.8v198.4c0 6.4 6.4 12.8 12.8 12.8zm96 0h22.4c6.4 0 12.8-6.4 12.8-12.8V204.8c0-6.4-6.4-12.8-12.8-12.8h-22.4c-6.4 0-12.8 6.4-12.8 12.8v134.4c0 6.4 6.4 12.8 12.8 12.8zM496 400H48V80c0-8.84-7.16-16-16-16H16C7.16 64 0 71.16 0 80v336c0 17.67 14.33 32 32 32h464c8.84 0 16-7.16 16-16v-16c0-8.84-7.16-16-16-16zm-387.2-48h22.4c6.4 0 12.8-6.4 12.8-12.8v-70.4c0-6.4-6.4-12.8-12.8-12.8h-22.4c-6.4 0-12.8 6.4-12.8 12.8v70.4c0 6.4 6.4 12.8 12.8 12.8z\" class=\"\"><\/path><\/svg><\/i> Total de visitas&nbsp;2,690&nbsp;, visitas hoy&nbsp;1&nbsp;<\/p>\n<div class=\"pvc_clear\"><\/div>\n\t\t<\/div>\n\t\t\t\t<\/div>\n\t\t\t\t<\/article>\n\t\t\t\t<article class=\"elementor-post elementor-grid-item post-45192 post type-post status-publish format-standard has-post-thumbnail hentry category-inspector\">\n\t\t\t\t<a class=\"elementor-post__thumbnail__link\" href=\"https:\/\/sdb.bo\/sdb\/2026\/03\/31\/salesianos-de-bolivia-profundizan-su-formacion-y-compromiso-sinodal-en-la-sede-inspectorial\/\" tabindex=\"-1\" target=&quot;_blank&quot;>\n\t\t\t<div class=\"elementor-post__thumbnail\"><img loading=\"lazy\" decoding=\"async\" width=\"2000\" height=\"1333\" src=\"https:\/\/sdb.bo\/sdb\/wp-content\/uploads\/2026\/03\/DSC07811.jpg\" class=\"attachment-full size-full wp-image-45215\" alt=\"\" srcset=\"https:\/\/sdb.bo\/sdb\/wp-content\/uploads\/2026\/03\/DSC07811.jpg 2000w, https:\/\/sdb.bo\/sdb\/wp-content\/uploads\/2026\/03\/DSC07811-300x200.jpg 300w, https:\/\/sdb.bo\/sdb\/wp-content\/uploads\/2026\/03\/DSC07811-1024x682.jpg 1024w, https:\/\/sdb.bo\/sdb\/wp-content\/uploads\/2026\/03\/DSC07811-768x512.jpg 768w, https:\/\/sdb.bo\/sdb\/wp-content\/uploads\/2026\/03\/DSC07811-1536x1024.jpg 1536w\" sizes=\"(max-width: 2000px) 100vw, 2000px\" \/><\/div>\n\t\t<\/a>\n\t\t\t\t<div class=\"elementor-post__text\">\n\t\t\t\t<h3 class=\"elementor-post__title\">\n\t\t\t<a href=\"https:\/\/sdb.bo\/sdb\/2026\/03\/31\/salesianos-de-bolivia-profundizan-su-formacion-y-compromiso-sinodal-en-la-sede-inspectorial\/\" target=&quot;_blank&quot;>\n\t\t\t\tSALESIANOS DE BOLIVIA PROFUNDIZAN SU FORMACI\u00d3N Y COMPROMISO SINODAL EN LA SEDE INSPECTORIAL\t\t\t<\/a>\n\t\t<\/h3>\n\t\t\t\t<div class=\"elementor-post__meta-data\">\n\t\t\t\t\t<span class=\"elementor-post-date\">\n\t\t\t31\/03\/2026\t\t<\/span>\n\t\t\t\t<span class=\"elementor-post-time\">\n\t\t\t16:05\t\t<\/span>\n\t\t\t\t<\/div>\n\t\t\t\t<div class=\"elementor-post__excerpt\">\n\t\t\t<p>SALESIANOS DE BOLIVIA PROFUNDIZAN SU FORMACI\u00d3N Y COMPROMISO SINODAL EN LA SEDE INSPECTORIAL Del 24 al 26 de marzo, en la Sede Inspectorial de Cochabamba,<\/p>\n<div class=\"pvc_clear\"><\/div>\n<p class=\"pvc_stats all \" data-element-id=\"45192\" style=\"\"><i class=\"pvc-stats-icon medium\" aria-hidden=\"true\"><svg aria-hidden=\"true\" focusable=\"false\" data-prefix=\"far\" data-icon=\"chart-bar\" role=\"img\" xmlns=\"http:\/\/www.w3.org\/2000\/svg\" viewBox=\"0 0 512 512\" class=\"svg-inline--fa fa-chart-bar fa-w-16 fa-2x\"><path fill=\"currentColor\" d=\"M396.8 352h22.4c6.4 0 12.8-6.4 12.8-12.8V108.8c0-6.4-6.4-12.8-12.8-12.8h-22.4c-6.4 0-12.8 6.4-12.8 12.8v230.4c0 6.4 6.4 12.8 12.8 12.8zm-192 0h22.4c6.4 0 12.8-6.4 12.8-12.8V140.8c0-6.4-6.4-12.8-12.8-12.8h-22.4c-6.4 0-12.8 6.4-12.8 12.8v198.4c0 6.4 6.4 12.8 12.8 12.8zm96 0h22.4c6.4 0 12.8-6.4 12.8-12.8V204.8c0-6.4-6.4-12.8-12.8-12.8h-22.4c-6.4 0-12.8 6.4-12.8 12.8v134.4c0 6.4 6.4 12.8 12.8 12.8zM496 400H48V80c0-8.84-7.16-16-16-16H16C7.16 64 0 71.16 0 80v336c0 17.67 14.33 32 32 32h464c8.84 0 16-7.16 16-16v-16c0-8.84-7.16-16-16-16zm-387.2-48h22.4c6.4 0 12.8-6.4 12.8-12.8v-70.4c0-6.4-6.4-12.8-12.8-12.8h-22.4c-6.4 0-12.8 6.4-12.8 12.8v70.4c0 6.4 6.4 12.8 12.8 12.8z\" class=\"\"><\/path><\/svg><\/i> Total de visitas&nbsp;2,613&nbsp;<\/p>\n<div class=\"pvc_clear\"><\/div>\n\t\t<\/div>\n\t\t\t\t<\/div>\n\t\t\t\t<\/article>\n\t\t\t\t<\/div>\n\t\t\n\t\t\t\t\t\t<\/div>\n\t\t\t\t<\/div>\n\t\t\t\t\t<\/div>\n\t\t<\/div>\n\t\t\t\t\t<\/div>\n\t\t<\/section>\n\t\t\t\t<\/div>\n\t\t","protected":false},"excerpt":{"rendered":"<p>Enlaces de Inter\u00e9s En la parte superior Publicaciones Recientes Publicaciones Solicita M\u00e1s Informaci\u00f3n Danos tu opini\u00f3n En tendencia Publicaciones m\u00e1s populares Explorar m\u00e1s Total de visitas&nbsp;2,613&nbsp;<\/p>\n<div class=\"pvc_clear\"><\/div>\n<p class=\"pvc_stats all \" data-element-id=\"45192\" style=\"\"><i class=\"pvc-stats-icon medium\" aria-hidden=\"true\"><svg aria-hidden=\"true\" focusable=\"false\" data-prefix=\"far\" data-icon=\"chart-bar\" role=\"img\" xmlns=\"http:\/\/www.w3.org\/2000\/svg\" viewBox=\"0 0 512 512\" class=\"svg-inline--fa fa-chart-bar fa-w-16 fa-2x\"><path fill=\"currentColor\" d=\"M396.8 352h22.4c6.4 0 12.8-6.4 12.8-12.8V108.8c0-6.4-6.4-12.8-12.8-12.8h-22.4c-6.4 0-12.8 6.4-12.8 12.8v230.4c0 6.4 6.4 12.8 12.8 12.8zm-192 0h22.4c6.4 0 12.8-6.4 12.8-12.8V140.8c0-6.4-6.4-12.8-12.8-12.8h-22.4c-6.4 0-12.8 6.4-12.8 12.8v198.4c0 6.4 6.4 12.8 12.8 12.8zm96 0h22.4c6.4 0 12.8-6.4 12.8-12.8V204.8c0-6.4-6.4-12.8-12.8-12.8h-22.4c-6.4 0-12.8 6.4-12.8 12.8v134.4c0 6.4 6.4 12.8 12.8 12.8zM496 400H48V80c0-8.84-7.16-16-16-16H16C7.16 64 0 71.16 0 80v336c0 17.67 14.33 32 32 32h464c8.84 0 16-7.16 16-16v-16c0-8.84-7.16-16-16-16zm-387.2-48h22.4c6.4 0 12.8-6.4 12.8-12.8v-70.4c0-6.4-6.4-12.8-12.8-12.8h-22.4c-6.4 0-12.8 6.4-12.8 12.8v70.4c0 6.4 6.4 12.8 12.8 12.8z\" class=\"\"><\/path><\/svg><\/i> Total de visitas&nbsp;2,613&nbsp;<\/p>\n<div class=\"pvc_clear\"><\/div>\n","protected":false},"author":3,"featured_media":0,"parent":0,"menu_order":0,"comment_status":"closed","ping_status":"closed","template":"","meta":{"mapsvg_location":"","footnotes":""},"class_list":["post-2148","page","type-page","status-publish","hentry"],"jetpack_sharing_enabled":true,"_links":{"self":[{"href":"https:\/\/sdb.bo\/sdb\/wp-json\/wp\/v2\/pages\/2148","targetHints":{"allow":["GET"]}}],"collection":[{"href":"https:\/\/sdb.bo\/sdb\/wp-json\/wp\/v2\/pages"}],"about":[{"href":"https:\/\/sdb.bo\/sdb\/wp-json\/wp\/v2\/types\/page"}],"author":[{"embeddable":true,"href":"https:\/\/sdb.bo\/sdb\/wp-json\/wp\/v2\/users\/3"}],"replies":[{"embeddable":true,"href":"https:\/\/sdb.bo\/sdb\/wp-json\/wp\/v2\/comments?post=2148"}],"version-history":[{"count":10,"href":"https:\/\/sdb.bo\/sdb\/wp-json\/wp\/v2\/pages\/2148\/revisions"}],"predecessor-version":[{"id":2176,"href":"https:\/\/sdb.bo\/sdb\/wp-json\/wp\/v2\/pages\/2148\/revisions\/2176"}],"wp:attachment":[{"href":"https:\/\/sdb.bo\/sdb\/wp-json\/wp\/v2\/media?parent=2148"}],"curies":[{"name":"wp","href":"https:\/\/api.w.org\/{rel}","templated":true}]}}