{"id":1268,"date":"2022-02-24T12:40:16","date_gmt":"2022-02-24T16:40:16","guid":{"rendered":"https:\/\/sdb.bo\/sdb\/?page_id=1268"},"modified":"2025-07-31T14:36:09","modified_gmt":"2025-07-31T18:36:09","slug":"asocianismo","status":"publish","type":"page","link":"https:\/\/sdb.bo\/sdb\/asocianismo\/","title":{"rendered":"Asocianismo"},"content":{"rendered":"\t\t<div data-elementor-type=\"wp-page\" data-elementor-id=\"1268\" class=\"elementor elementor-1268\" data-elementor-post-type=\"page\">\n\t\t\t\t\t\t<section class=\"elementor-section elementor-top-section elementor-element elementor-element-fc0aab9 elementor-section-boxed elementor-section-height-default elementor-section-height-default\" data-id=\"fc0aab9\" data-element_type=\"section\" data-settings=\"{&quot;background_background&quot;:&quot;classic&quot;}\">\n\t\t\t\t\t\t\t<div class=\"elementor-background-overlay\"><\/div>\n\t\t\t\t\t\t\t<div class=\"elementor-container elementor-column-gap-default\">\n\t\t\t\t\t<div class=\"elementor-column elementor-col-100 elementor-top-column elementor-element elementor-element-4bd407b\" data-id=\"4bd407b\" data-element_type=\"column\">\n\t\t\t<div class=\"elementor-widget-wrap elementor-element-populated\">\n\t\t\t\t\t\t<div class=\"elementor-element elementor-element-eaeaaf7 elementor-widget elementor-widget-heading\" data-id=\"eaeaaf7\" data-element_type=\"widget\" data-widget_type=\"heading.default\">\n\t\t\t\t<div class=\"elementor-widget-container\">\n\t\t\t\t\t<h1 class=\"elementor-heading-title elementor-size-default\">Asocianismo<\/h1>\t\t\t\t<\/div>\n\t\t\t\t<\/div>\n\t\t\t\t\t<\/div>\n\t\t<\/div>\n\t\t\t\t\t<\/div>\n\t\t<\/section>\n\t\t\t\t<section class=\"elementor-section elementor-top-section elementor-element elementor-element-8de704d elementor-section-boxed elementor-section-height-default elementor-section-height-default\" data-id=\"8de704d\" data-element_type=\"section\">\n\t\t\t\t\t\t<div class=\"elementor-container elementor-column-gap-wider\">\n\t\t\t\t\t<div class=\"elementor-column elementor-col-100 elementor-top-column elementor-element elementor-element-9f8d0c0\" data-id=\"9f8d0c0\" data-element_type=\"column\">\n\t\t\t<div class=\"elementor-widget-wrap elementor-element-populated\">\n\t\t\t\t\t\t<div class=\"elementor-element elementor-element-b7d9004 elementor-widget elementor-widget-text-editor\" data-id=\"b7d9004\" data-element_type=\"widget\" data-widget_type=\"text-editor.default\">\n\t\t\t\t<div class=\"elementor-widget-container\">\n\t\t\t\t\t\t\t\t\t<p>El equipo Inspectorial de pastoral juvenil tiene las siguientes funciones, estudia la realidad juvenil, la aplicaci\u00f3n y eficacia pastoral del PEPSI en las obras, donde encontramos a la Animaci\u00f3n de la Vocaci\u00f3n, del Voluntariado, del Movimiento Juvenil Salesiano, la catequesis, el oratorio, el proyecto laico y la pastoral familiar. Elabora el Programa anual de actividades en base a los pedidos de las diversas obras de la Inspector\u00eda. Tiene dos reuniones al a\u00f1o, y otras que juzgue oportunas el Inspector o el delegado.<\/p>\t\t\t\t\t\t\t\t<\/div>\n\t\t\t\t<\/div>\n\t\t\t\t\t<\/div>\n\t\t<\/div>\n\t\t\t\t\t<\/div>\n\t\t<\/section>\n\t\t\t\t<section class=\"elementor-section elementor-top-section elementor-element elementor-element-10bd547b elementor-section-boxed elementor-section-height-default elementor-section-height-default\" data-id=\"10bd547b\" data-element_type=\"section\" data-settings=\"{&quot;background_background&quot;:&quot;classic&quot;}\">\n\t\t\t\t\t\t<div class=\"elementor-container elementor-column-gap-no\">\n\t\t\t\t\t<div class=\"elementor-column elementor-col-50 elementor-top-column elementor-element elementor-element-1f00b0ef\" data-id=\"1f00b0ef\" data-element_type=\"column\">\n\t\t\t<div class=\"elementor-widget-wrap elementor-element-populated\">\n\t\t\t\t\t\t<div class=\"elementor-element elementor-element-448c7611 elementor-position-top elementor-widget elementor-widget-image-box\" data-id=\"448c7611\" data-element_type=\"widget\" data-widget_type=\"image-box.default\">\n\t\t\t\t<div class=\"elementor-widget-container\">\n\t\t\t\t\t<div class=\"elementor-image-box-wrapper\"><figure class=\"elementor-image-box-img\"><img fetchpriority=\"high\" decoding=\"async\" width=\"400\" height=\"400\" src=\"https:\/\/sdb.bo\/sdb\/wp-content\/uploads\/2025\/07\/pastroal-comun.png\" class=\"attachment-full size-full wp-image-43855\" alt=\"\" srcset=\"https:\/\/sdb.bo\/sdb\/wp-content\/uploads\/2025\/07\/pastroal-comun.png 400w, https:\/\/sdb.bo\/sdb\/wp-content\/uploads\/2025\/07\/pastroal-comun-300x300.png 300w, https:\/\/sdb.bo\/sdb\/wp-content\/uploads\/2025\/07\/pastroal-comun-150x150.png 150w\" sizes=\"(max-width: 400px) 100vw, 400px\" \/><\/figure><div class=\"elementor-image-box-content\"><h3 class=\"elementor-image-box-title\">P. Darwin Jimenez<\/h3><p class=\"elementor-image-box-description\">Delegado de la Pastoral<\/p><\/div><\/div>\t\t\t\t<\/div>\n\t\t\t\t<\/div>\n\t\t\t\t<div class=\"elementor-element elementor-element-5092bc94 elementor-widget-divider--view-line elementor-widget elementor-widget-divider\" data-id=\"5092bc94\" data-element_type=\"widget\" data-widget_type=\"divider.default\">\n\t\t\t\t<div class=\"elementor-widget-container\">\n\t\t\t\t\t\t\t<div class=\"elementor-divider\">\n\t\t\t<span class=\"elementor-divider-separator\">\n\t\t\t\t\t\t<\/span>\n\t\t<\/div>\n\t\t\t\t\t\t<\/div>\n\t\t\t\t<\/div>\n\t\t\t\t\t<\/div>\n\t\t<\/div>\n\t\t\t\t<div class=\"elementor-column elementor-col-50 elementor-top-column elementor-element elementor-element-8fd36db\" data-id=\"8fd36db\" data-element_type=\"column\">\n\t\t\t<div class=\"elementor-widget-wrap elementor-element-populated\">\n\t\t\t\t\t\t<div class=\"elementor-element elementor-element-6a413e9 elementor-widget elementor-widget-text-editor\" data-id=\"6a413e9\" data-element_type=\"widget\" data-widget_type=\"text-editor.default\">\n\t\t\t\t<div class=\"elementor-widget-container\">\n\t\t\t\t\t\t\t\t\t<p><strong>Comisi\u00f3n:<\/strong><\/p><ul><li>Hno. Emeterio Machaca \u2013 Regional Santa Cruz<\/li><li>Javier Leon \u2013 Regional Norte Integrado<\/li><li>P. Luis Flores \u2013 Regional La Paz<\/li><li>S. Paolo Len\u00e1z \u2013 Regional Cochabamba<\/li><li>P. Mois\u00e9s Ruiz \u2013 Regional Sucre<\/li><li>Rosalynn Moti\u00f1o \u2013 Proyecto Laicos y Pastoral Familiar<\/li><\/ul>\t\t\t\t\t\t\t\t<\/div>\n\t\t\t\t<\/div>\n\t\t\t\t\t<\/div>\n\t\t<\/div>\n\t\t\t\t\t<\/div>\n\t\t<\/section>\n\t\t\t\t<section class=\"elementor-section elementor-top-section elementor-element elementor-element-3338007 elementor-section-boxed elementor-section-height-default elementor-section-height-default\" data-id=\"3338007\" data-element_type=\"section\">\n\t\t\t\t\t\t<div class=\"elementor-container elementor-column-gap-default\">\n\t\t\t\t\t<div class=\"elementor-column elementor-col-100 elementor-top-column elementor-element elementor-element-cafac05\" data-id=\"cafac05\" data-element_type=\"column\">\n\t\t\t<div class=\"elementor-widget-wrap elementor-element-populated\">\n\t\t\t\t\t\t\t<\/div>\n\t\t<\/div>\n\t\t\t\t\t<\/div>\n\t\t<\/section>\n\t\t\t\t<\/div>\n\t\t","protected":false},"excerpt":{"rendered":"<p>Asocianismo El equipo Inspectorial de pastoral juvenil tiene las siguientes funciones, estudia la realidad juvenil, la aplicaci\u00f3n y eficacia pastoral del PEPSI en las obras, donde encontramos a la Animaci\u00f3n de la Vocaci\u00f3n, del Voluntariado, del Movimiento Juvenil Salesiano, la catequesis, el oratorio, el proyecto laico y la pastoral familiar. Elabora el Programa anual de [&hellip;]<\/p>\n<div class=\"pvc_clear\"><\/div>\n<p class=\"pvc_stats all \" data-element-id=\"1268\" style=\"\"><i class=\"pvc-stats-icon medium\" aria-hidden=\"true\"><svg aria-hidden=\"true\" focusable=\"false\" data-prefix=\"far\" data-icon=\"chart-bar\" role=\"img\" xmlns=\"http:\/\/www.w3.org\/2000\/svg\" viewBox=\"0 0 512 512\" class=\"svg-inline--fa fa-chart-bar fa-w-16 fa-2x\"><path fill=\"currentColor\" d=\"M396.8 352h22.4c6.4 0 12.8-6.4 12.8-12.8V108.8c0-6.4-6.4-12.8-12.8-12.8h-22.4c-6.4 0-12.8 6.4-12.8 12.8v230.4c0 6.4 6.4 12.8 12.8 12.8zm-192 0h22.4c6.4 0 12.8-6.4 12.8-12.8V140.8c0-6.4-6.4-12.8-12.8-12.8h-22.4c-6.4 0-12.8 6.4-12.8 12.8v198.4c0 6.4 6.4 12.8 12.8 12.8zm96 0h22.4c6.4 0 12.8-6.4 12.8-12.8V204.8c0-6.4-6.4-12.8-12.8-12.8h-22.4c-6.4 0-12.8 6.4-12.8 12.8v134.4c0 6.4 6.4 12.8 12.8 12.8zM496 400H48V80c0-8.84-7.16-16-16-16H16C7.16 64 0 71.16 0 80v336c0 17.67 14.33 32 32 32h464c8.84 0 16-7.16 16-16v-16c0-8.84-7.16-16-16-16zm-387.2-48h22.4c6.4 0 12.8-6.4 12.8-12.8v-70.4c0-6.4-6.4-12.8-12.8-12.8h-22.4c-6.4 0-12.8 6.4-12.8 12.8v70.4c0 6.4 6.4 12.8 12.8 12.8z\" class=\"\"><\/path><\/svg><\/i> Total de visitas&nbsp;1,636&nbsp;<\/p>\n<div class=\"pvc_clear\"><\/div>\n","protected":false},"author":3,"featured_media":0,"parent":0,"menu_order":0,"comment_status":"closed","ping_status":"closed","template":"","meta":{"mapsvg_location":"","footnotes":""},"class_list":["post-1268","page","type-page","status-publish","hentry"],"jetpack_sharing_enabled":true,"_links":{"self":[{"href":"https:\/\/sdb.bo\/sdb\/wp-json\/wp\/v2\/pages\/1268","targetHints":{"allow":["GET"]}}],"collection":[{"href":"https:\/\/sdb.bo\/sdb\/wp-json\/wp\/v2\/pages"}],"about":[{"href":"https:\/\/sdb.bo\/sdb\/wp-json\/wp\/v2\/types\/page"}],"author":[{"embeddable":true,"href":"https:\/\/sdb.bo\/sdb\/wp-json\/wp\/v2\/users\/3"}],"replies":[{"embeddable":true,"href":"https:\/\/sdb.bo\/sdb\/wp-json\/wp\/v2\/comments?post=1268"}],"version-history":[{"count":12,"href":"https:\/\/sdb.bo\/sdb\/wp-json\/wp\/v2\/pages\/1268\/revisions"}],"predecessor-version":[{"id":43863,"href":"https:\/\/sdb.bo\/sdb\/wp-json\/wp\/v2\/pages\/1268\/revisions\/43863"}],"wp:attachment":[{"href":"https:\/\/sdb.bo\/sdb\/wp-json\/wp\/v2\/media?parent=1268"}],"curies":[{"name":"wp","href":"https:\/\/api.w.org\/{rel}","templated":true}]}}